{"id":766,"date":"2020-12-14T15:24:05","date_gmt":"2020-12-14T13:24:05","guid":{"rendered":"http:\/\/web.dwshungary.hu\/?page_id=766"},"modified":"2023-01-06T20:23:30","modified_gmt":"2023-01-06T18:23:30","slug":"szakmai-anyagok-az-iratkezelesrol","status":"publish","type":"page","link":"https:\/\/www.dwsdigital.hu\/en\/szakmai-anyagok-az-iratkezelesrol\/","title":{"rendered":"Materials for data handling"},"content":{"rendered":"<p>[et_pb_section fb_built=&#8221;1&#8243; fullwidth=&#8221;on&#8221; admin_label=&#8221;Header&#8221; _builder_version=&#8221;4.16&#8243; use_background_color_gradient=&#8221;on&#8221; background_color_gradient_direction=&#8221;163deg&#8221; background_color_gradient_stops=&#8221;#ffffff 50%|rgba(0,0,0,0.02) 50%&#8221; background_color_gradient_start=&#8221;#ffffff&#8221; background_color_gradient_start_position=&#8221;50%&#8221; background_color_gradient_end=&#8221;rgba(0,0,0,0.02)&#8221; background_color_gradient_end_position=&#8221;0%&#8221; background_image=&#8221;https:\/\/www.dwsdigital.hu\/wp-content\/uploads\/2020\/11\/web-dev-03.png&#8221; parallax=&#8221;on&#8221; animation_style=&#8221;fade&#8221; global_colors_info=&#8221;{}&#8221;][et_pb_fullwidth_header title=&#8221;Szakmai anyagok az iratkezel\u00e9sr\u0151l&#8221; subhead=&#8221;Amit az iratkezel\u00e9sr\u0151l tudni kell&#8221; button_one_text=&#8221;K\u00e9rjen aj\u00e1nlatot&#8221; button_one_url=&#8221;@ET-DC@eyJkeW5hbWljIjp0cnVlLCJjb250ZW50IjoicG9zdF9saW5rX3VybF9wYWdlIiwic2V0dGluZ3MiOnsicG9zdF9pZCI6IjE3OCJ9fQ==@&#8221; button_two_text=&#8221;Referenci\u00e1k&#8221; button_two_url=&#8221;@ET-DC@eyJkeW5hbWljIjp0cnVlLCJjb250ZW50IjoicG9zdF9saW5rX3VybF9wYWdlIiwic2V0dGluZ3MiOnsicG9zdF9pZCI6IjIxMjcifX0=@&#8221; content_max_width=&#8221;640px&#8221; _builder_version=&#8221;4.19.4&#8243; _dynamic_attributes=&#8221;button_one_url,button_two_url&#8221; title_font=&#8221;Lato|900|||||||&#8221; title_font_size=&#8221;40px&#8221; title_line_height=&#8221;1.5em&#8221; content_font=&#8221;||||||||&#8221; content_font_size=&#8221;16px&#8221; content_line_height=&#8221;2em&#8221; subhead_font=&#8221;|700||on|||||&#8221; subhead_font_size=&#8221;14px&#8221; subhead_letter_spacing=&#8221;2px&#8221; subhead_line_height=&#8221;2em&#8221; background_color=&#8221;rgba(0,0,0,0)&#8221; custom_button_one=&#8221;on&#8221; button_one_text_size=&#8221;14px&#8221; button_one_text_color=&#8221;#ffffff&#8221; button_one_bg_color=&#8221;#0054ff&#8221; button_one_border_width=&#8221;14px&#8221; button_one_border_color=&#8221;rgba(0,0,0,0)&#8221; button_one_border_radius=&#8221;0px&#8221; button_one_letter_spacing=&#8221;2px&#8221; button_one_font=&#8221;|600||on|||||&#8221; button_one_icon=&#8221;&#x39;||divi||400&#8243; button_one_on_hover=&#8221;off&#8221; custom_button_two=&#8221;on&#8221; button_two_text_size=&#8221;14px&#8221; button_two_text_color=&#8221;#0054ff&#8221; button_two_bg_color=&#8221;rgba(255,255,255,0)&#8221; button_two_border_width=&#8221;12px&#8221; button_two_border_color=&#8221;rgba(0,0,0,0)&#8221; button_two_border_radius=&#8221;0px&#8221; button_two_letter_spacing=&#8221;2px&#8221; button_two_font=&#8221;|600||on|||||&#8221; button_two_icon=&#8221;&#x39;||divi||400&#8243; button_two_on_hover=&#8221;off&#8221; background_layout=&#8221;light&#8221; custom_margin=&#8221;|||&#8221; custom_padding=&#8221;10vw|||&#8221; animation_style=&#8221;zoom&#8221; animation_intensity_zoom=&#8221;-5%&#8221; hover_enabled=&#8221;0&#8243; title_font_size_tablet=&#8221;&#8221; title_font_size_phone=&#8221;25px&#8221; title_font_size_last_edited=&#8221;on|desktop&#8221; box_shadow_style_button_two=&#8221;preset1&#8243; box_shadow_vertical_button_two=&#8221;0px&#8221; box_shadow_blur_button_two=&#8221;0px&#8221; box_shadow_spread_button_two=&#8221;2px&#8221; box_shadow_color_button_two=&#8221;#0054ff&#8221; button_one_letter_spacing_hover=&#8221;2px&#8221; button_two_letter_spacing_hover=&#8221;2px&#8221; global_colors_info=&#8221;{}&#8221; button_one_text_size__hover_enabled=&#8221;off&#8221; button_two_text_size__hover_enabled=&#8221;off&#8221; button_one_text_color__hover_enabled=&#8221;off&#8221; button_two_text_color__hover_enabled=&#8221;off&#8221; button_one_border_width__hover_enabled=&#8221;off&#8221; button_two_border_width__hover_enabled=&#8221;off&#8221; button_one_border_color__hover_enabled=&#8221;off&#8221; button_two_border_color__hover_enabled=&#8221;off&#8221; button_one_border_radius__hover_enabled=&#8221;off&#8221; button_two_border_radius__hover_enabled=&#8221;off&#8221; button_one_letter_spacing__hover_enabled=&#8221;on&#8221; button_one_letter_spacing__hover=&#8221;2px&#8221; button_two_letter_spacing__hover_enabled=&#8221;on&#8221; button_two_letter_spacing__hover=&#8221;2px&#8221; button_one_bg_color__hover_enabled=&#8221;off&#8221; button_two_bg_color__hover_enabled=&#8221;off&#8221; sticky_enabled=&#8221;0&#8243;][\/et_pb_fullwidth_header][et_pb_fullwidth_image src=&#8221;https:\/\/www.dwsdigital.hu\/wp-content\/uploads\/2021\/01\/Digitalisirattar3.png&#8221; title_text=&#8221;Digit\u00e1lisiratt\u00e1r3&#8243; _builder_version=&#8221;4.16&#8243; custom_margin=&#8221;-18%|||&#8221; animation_style=&#8221;zoom&#8221; animation_direction=&#8221;bottom&#8221; animation_duration=&#8221;1400ms&#8221; animation_intensity_zoom=&#8221;5%&#8221; global_colors_info=&#8221;{}&#8221;][\/et_pb_fullwidth_image][\/et_pb_section][et_pb_section fb_built=&#8221;1&#8243; admin_label=&#8221;Services&#8221; _builder_version=&#8221;4.16&#8243; global_colors_info=&#8221;{}&#8221;][et_pb_row _builder_version=&#8221;4.16&#8243; custom_padding=&#8221;|||&#8221; global_colors_info=&#8221;{}&#8221;][et_pb_column type=&#8221;4_4&#8243; _builder_version=&#8221;4.16&#8243; custom_padding=&#8221;|||&#8221; global_colors_info=&#8221;{}&#8221; custom_padding__hover=&#8221;|||&#8221;][et_pb_text _builder_version=&#8221;4.16&#8243; text_font=&#8221;||||||||&#8221; header_font=&#8221;||||||||&#8221; header_2_font=&#8221;|600||on|||||&#8221; header_2_text_color=&#8221;#0054ff&#8221; header_2_font_size=&#8221;16px&#8221; header_2_letter_spacing=&#8221;3px&#8221; header_2_line_height=&#8221;1.8em&#8221; header_3_font=&#8221;||||||||&#8221; text_orientation=&#8221;center&#8221; custom_padding=&#8221;5px|||||&#8221; global_colors_info=&#8221;{}&#8221;]<a id=\"iratmegorzes\"><\/a><\/p>\n<h2 style=\"text-align: justify;\">Az iratmeg\u0151rz\u00e9s szab\u00e1lyai<\/h2>\n<p>[\/et_pb_text][\/et_pb_column][\/et_pb_row][et_pb_row _builder_version=&#8221;4.16&#8243; global_colors_info=&#8221;{}&#8221;][et_pb_column type=&#8221;4_4&#8243; _builder_version=&#8221;4.16&#8243; custom_padding=&#8221;|||&#8221; global_colors_info=&#8221;{}&#8221; custom_padding__hover=&#8221;|||&#8221;][et_pb_image src=&#8221;https:\/\/www.dwsdigital.hu\/wp-content\/uploads\/2020\/11\/web-icon-design-2.png&#8221; alt=&#8221;Digitaliz\u00e1l\u00e1si szolg\u00e1ltat\u00e1s&#8221; title_text=&#8221;web-icon-design-2&#8243; align_tablet=&#8221;center&#8221; align_phone=&#8221;&#8221; align_last_edited=&#8221;on|desktop&#8221; _builder_version=&#8221;4.16&#8243; animation_style=&#8221;slide&#8221; animation_direction=&#8221;left&#8221; animation_intensity_slide=&#8221;5%&#8221; global_colors_info=&#8221;{}&#8221;][\/et_pb_image][et_pb_text _builder_version=&#8221;4.16&#8243; text_font=&#8221;||||||||&#8221; text_line_height=&#8221;2em&#8221; header_font=&#8221;||||||||&#8221; header_3_font=&#8221;Lato|700|||||||&#8221; header_3_line_height=&#8221;1.4em&#8221; text_orientation=&#8221;right&#8221; animation_style=&#8221;slide&#8221; animation_direction=&#8221;left&#8221; animation_delay=&#8221;100ms&#8221; animation_intensity_slide=&#8221;5%&#8221; global_colors_info=&#8221;{}&#8221;]<\/p>\n<p style=\"text-align: justify;\"><span style=\"font-weight: 400;\">Iratainkat t\u00e1rolhatjuk irod\u00e1ban, saj\u00e1t telephely\u00fcnk\u00f6n, b\u00e9relt rakt\u00e1rban vagy iratt\u00e1ri szolg\u00e1ltat\u00f3n\u00e1l. Az iratok t\u00e1rol\u00e1s\u00e1nak id\u0151tartam\u00e1t azonban minden esetben sz\u00fcks\u00e9ges meghat\u00e1rozni, valamint az iratt\u00e1rat karbantartani, azaz az iratt\u00e1ri anyagokat \u00e9vente selejtezni. A jogszer\u0171 meg\u0151rz\u00e9si id\u0151tartam meg\u00e1llap\u00edt\u00e1s\u00e1ban, a megfelel\u0151 selejtez\u00e9si elj\u00e1r\u00e1s kidolgoz\u00e1sban, vagy ak\u00e1r a selejtez\u00e9sben is \u00e1llunk Partnereink rendelkez\u00e9s\u00e9re. Az iratt\u00e1ri nyilv\u00e1ntart\u00e1s, \u00e9s meg\u0151rz\u00e9si rend alapja az Iratt\u00e1ri Terv, amely az iratok rendszerez\u00e9s\u00e9nek \u00e9s a selejtezhet\u0151s\u00e9g szempontj\u00e1b\u00f3l t\u00f6rt\u00e9n\u0151 v\u00e1logat\u00e1s\u00e1nak alapj\u00e1ul szolg\u00e1l\u00f3 jegyz\u00e9k, amely az iratt\u00e1ri anyagot t\u00e9telekre (t\u00e1rgyi csoportokra, indokolt esetben irat fajt\u00e1kra) tagolva, a v\u00e1llalat szervezet\u00e9hez igazod\u00f3 rendszerez\u00e9s\u00e9ben sorolja fel, s meghat\u00e1rozza a selejtezhet\u0151 iratt\u00e1ri t\u00e9telekbe tartoz\u00f3 iratok \u00fcgyviteli c\u00e9l\u00fa meg\u0151rz\u00e9s\u00e9nek id\u0151tartam\u00e1t, tov\u00e1bb\u00e1 \u2013 k\u00f6zfeladatot ell\u00e1t\u00f3 szervezet eset\u00e9n &#8211; a nem selejtezhet\u0151 iratok lev\u00e9lt\u00e1rba ad\u00e1s\u00e1nak hat\u00e1ridej\u00e9t.\u00a0<\/span><\/p>\n<p style=\"text-align: justify;\"><span style=\"font-weight: 400;\">Az\u00a0 Iratt\u00e1ri terv elk\u00e9sz\u00edt\u00e9s\u00e9n\u00e9l figyelembe kell venni a szervezet saj\u00e1toss\u00e1gait, tev\u00e9kenys\u00e9g\u00e9t, \u00e9s a vonatkoz\u00f3 \u00e1ltal\u00e1nos \u00e9s speci\u00e1lis jogszab\u00e1lyi h\u00e1tter\u00e9t is. Az al\u00e1bbiakban az \u00e1ltal\u00e1nos irat\u00fcgyviteli szab\u00e1lyoz\u00e1s \u00e9s iratmeg\u0151rz\u00e9s jogszab\u00e1lyi h\u00e1tter\u00e9t gy\u0171jt\u00f6tt\u00fck \u00f6ssze:<\/span><\/p>\n<ul style=\"text-align: justify;\">\n<li style=\"font-weight: 400;\"><span style=\"font-weight: 400;\">A p\u00e9nz\u00fcgyi bizonylatok meg\u0151rz\u00e9s\u00e9t a Sz\u00e1mviteli t\u00f6rv\u00e9ny (2000. \u00e9vi C. tv) alapj\u00e1n hat\u00e1rozzuk meg, ez 2000-ben v\u00e1ltozott, ez\u00e9rt a 2001 \u00e9v el\u0151tti bizonylatokat 5, a 2001-ben \u00e9s ut\u00e1na keletkezett iratokat 8 \u00e9vig kell meg\u0151rizni.<\/span><\/li>\n<li style=\"font-weight: 400;\"><span style=\"font-weight: 400;\">Az Ad\u00f3t\u00f6rv\u00e9ny (2017. \u00e9vi CL. tv) rendelkezik m\u00e9g az ad\u00f3 iratok meg\u0151rz\u00e9s\u00e9r\u0151l, azokat 5+2 \u00e9vig (78\u00a7 (3)) kell \u0151rizni, de az \u00f6nellen\u0151rz\u00e9sek miatt a gyakorlatban ezeket 10 \u00e9vig javasolt meg\u0151rizni.<\/span><\/li>\n<li style=\"font-weight: 400;\"><span style=\"font-weight: 400;\">A T\u00e1rsadalombiztos\u00edt\u00e1si tv (1997. \u00e9vi LXXXI. tv) pedig el\u0151\u00edrja, hogy a munk\u00e1ltat\u00f3nak biztos\u00edtani kell a munkav\u00e1llal\u00f3k nyugd\u00edj meg\u00e1llap\u00edt\u00e1s\u00e1hoz az adatszolg\u00e1ltat\u00e1st. Kor\u00e1bban 50 \u00e9vig kellett t\u00e1rolni ezeket az iratanyagokat, de a mai gyakorlat szerint &#8211; az emelt nyugd\u00edj korhat\u00e1r miatt &#8211; m\u00e1r 75 \u00e9vig javasolt a b\u00e9rkartonok meg\u0151rz\u00e9se. Egy\u00e9b b\u00e9rlist\u00e1k, jegyz\u00e9kek meg\u0151rz\u00e9si ideje 10 \u00e9v.<\/span><\/li>\n<li style=\"font-weight: 400;\"><span style=\"font-weight: 400;\">Mindegyik esetben \u00e9rv\u00e9nyes szab\u00e1ly, hogy a meg\u0151rz\u00e9si id\u0151t k\u00f6vet\u0151 \u00e9vben lehet selejtezni, ez\u00e9rt a selejtezhet\u0151s\u00e9g \u00e9v\u00e9t \u00fagy kell meg\u00e1llap\u00edtani, hogy: K<\/span>eletkez\u00e9si \u00e9v+\u0151rz\u00e9si id\u0151+1 \u00e9v<\/li>\n<\/ul>\n<p>[\/et_pb_text][\/et_pb_column][\/et_pb_row][\/et_pb_section][et_pb_section fb_built=&#8221;1&#8243; admin_label=&#8221;Services&#8221; _builder_version=&#8221;4.16&#8243; locked=&#8221;off&#8221; global_colors_info=&#8221;{}&#8221;][et_pb_row _builder_version=&#8221;4.16&#8243; custom_padding=&#8221;|||&#8221; global_colors_info=&#8221;{}&#8221;][et_pb_column type=&#8221;4_4&#8243; _builder_version=&#8221;4.16&#8243; custom_padding=&#8221;|||&#8221; global_colors_info=&#8221;{}&#8221; custom_padding__hover=&#8221;|||&#8221;][et_pb_text _builder_version=&#8221;4.16&#8243; text_font=&#8221;||||||||&#8221; header_font=&#8221;||||||||&#8221; header_2_font=&#8221;|600||on|||||&#8221; header_2_text_color=&#8221;#0054ff&#8221; header_2_font_size=&#8221;16px&#8221; header_2_letter_spacing=&#8221;3px&#8221; header_2_line_height=&#8221;1.8em&#8221; header_3_font=&#8221;||||||||&#8221; text_orientation=&#8221;center&#8221; custom_padding=&#8221;5px|||||&#8221; global_colors_info=&#8221;{}&#8221;]<a id=\"allagvedelem\"><\/a><\/p>\n<h2 style=\"text-align: justify;\">\u00c1llagv\u00e9delem<\/h2>\n<p>[\/et_pb_text][\/et_pb_column][\/et_pb_row][et_pb_row _builder_version=&#8221;4.16&#8243; global_colors_info=&#8221;{}&#8221;][et_pb_column type=&#8221;4_4&#8243; _builder_version=&#8221;4.16&#8243; custom_padding=&#8221;|||&#8221; global_colors_info=&#8221;{}&#8221; custom_padding__hover=&#8221;|||&#8221;][et_pb_image src=&#8221;https:\/\/www.dwsdigital.hu\/wp-content\/uploads\/2020\/11\/web-icon-design-2.png&#8221; alt=&#8221;Digitaliz\u00e1l\u00e1si szolg\u00e1ltat\u00e1s&#8221; title_text=&#8221;web-icon-design-2&#8243; align_tablet=&#8221;center&#8221; align_phone=&#8221;&#8221; align_last_edited=&#8221;on|desktop&#8221; _builder_version=&#8221;4.16&#8243; animation_style=&#8221;slide&#8221; animation_direction=&#8221;left&#8221; animation_intensity_slide=&#8221;5%&#8221; global_colors_info=&#8221;{}&#8221;][\/et_pb_image][et_pb_text _builder_version=&#8221;4.16&#8243; text_font=&#8221;||||||||&#8221; text_line_height=&#8221;2em&#8221; header_font=&#8221;||||||||&#8221; header_3_font=&#8221;Lato|700|||||||&#8221; header_3_line_height=&#8221;1.4em&#8221; text_orientation=&#8221;right&#8221; animation_style=&#8221;slide&#8221; animation_direction=&#8221;left&#8221; animation_delay=&#8221;100ms&#8221; animation_intensity_slide=&#8221;5%&#8221; global_colors_info=&#8221;{}&#8221;]<\/p>\n<p style=\"text-align: justify;\"><span style=\"font-weight: 400;\">A Magyar Nemzeti Lev\u00e9lt\u00e1r 2017-ben kiadott <a href=\"https:\/\/mnl.gov.hu\/mnl\/ol\/ajanlasok\">Lev\u00e9lt\u00e1ri \u00e1llom\u00e1nyv\u00e9delmi aj\u00e1nl\u00e1sa<\/a> alapj\u00e1n.\u00a0<\/span><\/p>\n<h3 style=\"text-align: justify;\"><strong>Az iratanyag meg\u0151rz\u00e9se szempontj\u00e1b\u00f3l kock\u00e1zatot jelent\u0151 t\u00e9nyez\u0151k<\/strong><\/h3>\n<p><strong><\/strong><\/p>\n<p style=\"text-align: justify;\"><b>A leveg\u0151 h\u0151m\u00e9rs\u00e9klete \u00e9s relat\u00edv p\u00e1ratartalma<\/b><\/p>\n<p style=\"text-align: justify;\"><span style=\"font-weight: 400;\">A magas (25 \u00b0C feletti) h\u0151m\u00e9rs\u00e9klet gyors\u00edtja a pap\u00edr\u2010 \u00e9s pergamen\u2010alap\u00fa dokumentumok k\u00e1rosod\u00e1s\u00e1t, k\u00e9miai boml\u00e1s\u00e1t (kisz\u00e1radnak, elvesztik rugalmass\u00e1gukat). A fot\u00f3anyagra n\u00e9zve m\u00e1r a 20 \u00b0C feletti h\u0151m\u00e9rs\u00e9klet \u00e9s a hirtelen h\u0151m\u00e9rs\u00e9kletv\u00e1ltoz\u00e1s is k\u00e1ros\u00edt\u00f3 hat\u00e1s\u00fa (puh\u00edtja a zselatint, illetve felgyors\u00edtja a sz\u00ednes negat\u00edv \u00e9s pozit\u00edv fot\u00f3k boml\u00e1s\u00e1t). A 22 \u00b0C feletti h\u0151m\u00e9rs\u00e9klett\u0151l \u00e9s a hirtelen h\u0151m\u00e9rs\u00e9klet\u2010v\u00e1ltoz\u00e1st\u00f3l a m\u00e1gneses \u00e9s optikai adathordoz\u00f3kat is \u00f3vni kell (hirtelen h\u0151m\u00e9rs\u00e9kletv\u00e1ltoz\u00e1s hat\u00e1s\u00e1ra a szalagok megny\u00falhatnak, illetve \u00f6sszezsugorodhatnak, a lemezek megvetemedhetnek).\u00a0<\/span><\/p>\n<p style=\"text-align: justify;\"><span style=\"font-weight: 400;\">A h\u0151m\u00e9rs\u00e9klet ingadoz\u00e1sa a k\u00e9miai folyamatok sebess\u00e9g\u00e9t n\u00f6velheti.<\/span><\/p>\n<p style=\"text-align: justify;\"><span style=\"font-weight: 400;\">Az alacsony vagy magas relat\u00edv l\u00e9gnedvess\u00e9g (RH %) ugyancsak k\u00e1ros\u00edt\u00f3 hat\u00e1s\u00fa. 40% RH\u2010\u00e9rt\u00e9k alatt a pap\u00edralap\u00fa dokumentumok kisz\u00e1radnak, 65% RH\u2010\u00e9rt\u00e9k f\u00f6l\u00f6tt megny\u00falnak, hull\u00e1moss\u00e1 v\u00e1lnak. A 65% feletti RH\u2010\u00e9rt\u00e9k vagy a p\u00e1ralecsap\u00f3d\u00e1s kedvez a rossz min\u0151s\u00e9g\u0171, fatartalm\u00fa pap\u00edron l\u00e9v\u0151 savak aktiviz\u00e1l\u00f3d\u00e1s\u00e1nak. A saj\u00e1t savtartalom megt\u00e1madja a cellul\u00f3z rostokat, bontja azokat, \u00edgy a pap\u00edr fizikailag gyeng\u00fcl. A fot\u00f3anyag sz\u00e1m\u00e1ra magas, 50%\u2010os vagy a f\u00f6l\u00f6tti RH\u2010\u00e9rt\u00e9ken a zselatin megduzzad, ragacsoss\u00e1 v\u00e1lik, a k\u00e9p elhom\u00e1lyosodik. A 20% alatti RH\u2010\u00e9rt\u00e9k viszont az emulzi\u00f3 zsugorod\u00e1s\u00e1t, repedez\u00e9s\u00e9t, a hordoz\u00f3 t\u00f6r\u00e9kenys\u00e9g\u00e9t id\u00e9zi el\u0151.\u00a0<\/span><\/p>\n<p style=\"text-align: justify;\"><span style=\"font-weight: 400;\">Az iratt\u00e1ri anyag eg\u00e9sz\u00e9re n\u00e9zve a relat\u00edv l\u00e9gnedvess\u00e9g ingadoz\u00e1sa k\u00fcl\u00f6n\u00f6sen vesz\u00e9lyes, nagyobb k\u00e1rt okozhat, mint az ide\u00e1lis \u00e9rt\u00e9kt\u0151l val\u00f3, de az elfogadhat\u00f3s\u00e1g hat\u00e1rain bel\u00fcl marad\u00f3 \u00e1lland\u00f3 elt\u00e9r\u00e9s.<\/span><\/p>\n<p style=\"text-align: justify;\"><b>A por \u00e9s a l\u00e9gszennyez\u0151 g\u00e1zok<\/b><\/p>\n<p style=\"text-align: justify;\"><span style=\"font-weight: 400;\">A leveg\u0151ben l\u00e9v\u0151 por \u2014 szervetlen \u00e1sv\u00e1nyi anyagok apr\u00f3 szemcs\u00e9i, \u00e9p\u00edt\u0151anyagok finom pora, apr\u00f3 n\u00f6v\u00e9nyi r\u00e9szecsk\u00e9k (rostok, sz\u00e1lak, vir\u00e1gpor), mikroorganizmusok (bakt\u00e9riumok, pen\u00e9szgomb\u00e1k sp\u00f3r\u00e1i), m\u0171anyag r\u00e9szecsk\u00e9k, korom (sz\u00e9nszemcs\u00e9k), k\u00e1tr\u00e1nyos anyagok, stb. \u2014 \u00e9s mindazok a g\u00e1zok, amelyek nem tartoznak a leveg\u0151 \u00e1lland\u00f3 alkot\u00f3r\u00e9szei (nitrog\u00e9n, oxig\u00e9n, sz\u00e9n\u2010dioxid, egyes nemesg\u00e1zok) k\u00f6z\u00e9, az iratt\u00e1ri anyag fizikai, k\u00e9miai \u00e9s biol\u00f3giai k\u00e1rosod\u00e1s\u00e1t egyar\u00e1nt el\u0151id\u00e9zhetik. A leggyakoribb l\u00e9gszennyez\u0151 g\u00e1zok: a k\u00e9n\u2010dioxid (SO2), a nitrog\u00e9noxidok \u00e9s az \u00f3zon.<\/span><\/p>\n<p style=\"text-align: justify;\"><span style=\"font-weight: 400;\">Nedvess\u00e9g jelenl\u00e9t\u00e9ben a savas jelleg\u0171 l\u00e9gszennyez\u0151 g\u00e1zok (k\u00e9n\u2010dioxid, nitrog\u00e9noxidok) bontj\u00e1k a pap\u00edr rostanyag\u00e1t k\u00e9pez\u0151 cellul\u00f3zt, l\u00e1ncszakad\u00e1st id\u00e9zhetnek el\u0151 a pergamen feh\u00e9rjemolekul\u00e1iban, \u00e9s ez\u00e1ltal fizikai k\u00e1rosod\u00e1st okoznak. Az oxid\u00e1l\u00f3 hat\u00e1s\u00fa \u00f3zon \u2014 nedves k\u00f6rnyezetben \u2014 a cellul\u00f3zmolekul\u00e1k egyes csoportjait alak\u00edtja \u00e1t, ennek k\u00f6vetkezt\u00e9ben a pap\u00edralap\u00fa iratok \u00e9s f\u00e9nyk\u00e9pek elsz\u00ednez\u0151dnek, egy\u00fattal fokozottan \u00e9rz\u00e9kenny\u00e9 v\u00e1lnak a savakra \u00e9s m\u00e1s k\u00e9miai behat\u00e1sokra. A savas \u00e9s oxid\u00e1l\u00f3 hat\u00e1s\u00fa g\u00e1zok \u2014 szint\u00e9n nedves k\u00f6rnyezetben \u2014 a szerves tint\u00e1k \u00e9s sz\u00ednez\u00e9kek elhalv\u00e1nyul\u00e1s\u00e1t, fakul\u00e1s\u00e1t \u00e9s old\u00f3d\u00e1s\u00e1t okozhatj\u00e1k.<\/span><\/p>\n<p style=\"text-align: justify;\"><span style=\"font-weight: 400;\">A por els\u0151sorban g\u00e1z\u2010, zs\u00edr\u2010 \u00e9s nedvess\u00e9gmegk\u00f6t\u0151 k\u00e9pess\u00e9ge miatt okozhat fizikai \u00e9s k\u00e9miai k\u00e1rosod\u00e1st a pap\u00edr\u2010 \u00e9s pergamenalap\u00fa iratt\u00e1ri anyagban \u00e9s a fot\u00f3anyagban. A m\u00e1gneses \u00e9s optikai adathordoz\u00f3n le\u00fcleped\u0151 por rontja a leolvashat\u00f3s\u00e1got \u00e9s inform\u00e1ci\u00f3veszt\u00e9st is el\u0151id\u00e9zhet.<\/span><\/p>\n<p style=\"text-align: justify;\"><span style=\"font-weight: 400;\">A savas \u00e9s oxid\u00e1l\u00f3 hat\u00e1s\u00fa l\u00e9gszennyez\u0151 g\u00e1zok nemcsak k\u00edv\u00fclr\u0151l juthatnak be az \u00e9p\u00fcletbe, hanem bel\u00fcl is keletkezhetnek. A f\u00e9nym\u00e1sol\u00f3k, valamint az elektrosztatikus elven m\u0171k\u00f6d\u0151 l\u00e9gtiszt\u00edt\u00f3k haszn\u00e1latakor \u00f3zon j\u00f6n l\u00e9tre. Az er\u0151s \u2014 amm\u00f3ni\u00e1t, kl\u00f3rt vagy formaldehidet tartalmaz\u00f3 \u2014 tiszt\u00edt\u00f3szerek haszn\u00e1lata vagy k\u00f6zels\u00e9ge ugyancsak vesz\u00e9lyezteti az iratt\u00e1ri anyagot. A nem kell\u0151en t\u00f6m\u00f6r padl\u00f3\u2010 \u00e9s burkol\u00f3anyagok kop\u00e1sa pork\u00e9pz\u0151d\u00e9ssel j\u00e1r.<\/span><\/p>\n<p style=\"text-align: justify;\"><b>A f\u00e9ny, az ultraibolya \u00e9s az infrav\u00f6r\u00f6s sugarak<\/b><\/p>\n<p style=\"text-align: justify;\"><span style=\"font-weight: 400;\">A f\u00e9ny az emberi szem \u00e1ltal \u00e9rz\u00e9kelhet\u0151, 380\u2010750 nanom\u00e9ter (nm) k\u00f6z\u00f6tti hull\u00e1mhossz\u00fa elektrom\u00e1gneses sugarakb\u00f3l \u00e1ll (1 nm = 1 milliomod millim\u00e9ter). Az ebbe a tartom\u00e1nyba es\u0151 f\u00e9nyt \u2014 hull\u00e1mhossz\u00e1t\u00f3l f\u00fcgg\u0151en \u2014 k\u00e9k, z\u00f6ld, s\u00e1rga, narancs, v\u00f6r\u00f6s sz\u00edn\u0171nek l\u00e1tjuk (az \u00fan. feh\u00e9r f\u00e9ny \u2014 pl. a napf\u00e9ny \u2014 k\u00fcl\u00f6nb\u00f6z\u0151 sz\u00edn\u0171 f\u00e9nysugarak kever\u00e9ke). Az ultraibolya\u2010 (UV\u2010)sug\u00e1r hull\u00e1mhossza a k\u00e9kn\u00e9l r\u00f6videbb, az infrav\u00f6r\u00f6s (IR\u2010)sug\u00e1r\u00e9 pedig a v\u00f6r\u00f6sn\u00e9l hosszabb. Az UV\u2010 \u00e9s az IR\u2010sug\u00e1r az emberi szem sz\u00e1m\u00e1ra nem \u00e9rz\u00e9kelhet\u0151 (l\u00e1thatatlan).<\/span><\/p>\n<p style=\"text-align: justify;\"><span style=\"font-weight: 400;\">Az elektrom\u00e1gneses sug\u00e1r energi\u00e1ja ford\u00edtottan ar\u00e1nyos a hull\u00e1mhossz\u00e1val. Az UV\u2010sugarak \u00e9s a kisebb hull\u00e1mhossz\u00fa f\u00e9nysugarak nagy energi\u00e1ja vissza nem ford\u00edthat\u00f3 k\u00e9miai folyamatokat (fotooxid\u00e1ci\u00f3t, fotoboml\u00e1st) ind\u00edthat el a cellul\u00f3z\u2010 \u00e9s a feh\u00e9rjemolekul\u00e1kban. E folyamatok hat\u00e1s\u00e1ra a pap\u00edrban \u00e9s a pergamenben sz\u00ednv\u00e1ltoz\u00e1s, majd fizikai gyeng\u00fcl\u00e9s k\u00f6vetkezik be.\u00a0<\/span><\/p>\n<p style=\"text-align: justify;\"><span style=\"font-weight: 400;\">Az UV\u2010 \u00e9s a kis hull\u00e1mhossz\u00fa f\u00e9nysugarak \u2014 nedvess\u00e9g jelenl\u00e9t\u00e9ben \u2014 elind\u00edtj\u00e1k, illetve felgyors\u00edtj\u00e1k a fot\u00f3anyagban v\u00e9gbemen\u0151 boml\u00e1si folyamatokat is. Er\u0151s vagy hosszan tart\u00f3 f\u00e9ny hat\u00e1s\u00e1ra a f\u00e9nyk\u00e9pek \u2014 els\u0151sorban a sz\u00ednes k\u00e9pek \u2014 elhalv\u00e1nyulhatnak vagy megs\u00f6t\u00e9tedhetnek. Az IR\u2010sugarak h\u0151hat\u00e1sa minden iratt\u00e1ri dokumentumot k\u00e1ros\u00edt.<\/span><\/p>\n<p style=\"text-align: justify;\"><span style=\"font-weight: 400;\">Az iratok fel\u00fclet\u00e9re es\u0151 UV\u2010sug\u00e1rz\u00e1s mennyis\u00e9g\u00e9t az l m\u00e1sodperc alatt 1 n\u00e9gyzetm\u00e9ter fel\u00fcletre jut\u00f3 sug\u00e1renergi\u00e1val jellemzik. M\u00e9rt\u00e9kegys\u00e9ge a mikrowatt\/n\u00e9gyzetm\u00e9ter (\u03bcW\/m2). A megvil\u00e1g\u00edt\u00e1s m\u00e9rt\u00e9kegys\u00e9ge a lux.<\/span><\/p>\n<p style=\"text-align: justify;\"><span style=\"font-weight: 400;\">A f\u00f6ldre \u00e9rkez\u0151 napsug\u00e1rz\u00e1s mintegy fele l\u00e1that\u00f3, a t\u00f6bbi IR\u2010 \u00e9s UV\u2010sug\u00e1rz\u00e1s. \u00cdgy a pap\u00edr\u2010 \u00e9s pergamenalap\u00fa iratt\u00e1ri anyagra \u00e9s a fot\u00f3anyagra k\u00fcl\u00f6n\u00f6sen vesz\u00e9lyes UV\u2010sugarakb\u00f3l \u00e9s a kis hull\u00e1mhossz\u00fa f\u00e9nysugarakb\u00f3l a napsug\u00e1rz\u00e1s tartalmazza a legt\u00f6bbet. A mesters\u00e9ges f\u00e9nyforr\u00e1sok k\u00f6z\u00fcl az izz\u00f3l\u00e1mpa \u00e1ltal kibocs\u00e1tott \u00f6sszenergia 80\u201090%\u2010a infrav\u00f6r\u00f6s (h\u0151), a t\u00f6bbi f\u00e9ny, illetve nagyon kis mennyis\u00e9g\u0171 UV\u2010sug\u00e1rz\u00e1s.<\/span><\/p>\n<p style=\"text-align: justify;\"><b>Mikroorganizmusok<\/b><\/p>\n<p style=\"text-align: justify;\"><span style=\"font-weight: 400;\">Az iratt\u00e1ri anyag biol\u00f3giai k\u00e1rokoz\u00f3i k\u00f6z\u00fcl a bakt\u00e9riumok \u00e9s a pen\u00e9szgomb\u00e1k sp\u00f3r\u00e1i finom eloszl\u00e1sban mindig jelen vannak a leveg\u0151ben. \u00c1ltal\u00e1ban 22 \u00b0C\u2010t meghalad\u00f3 h\u0151m\u00e9rs\u00e9kleten \u00e9s 65%\u2010os RH \u00e9rt\u00e9k f\u00f6l\u00f6tt aktiviz\u00e1l\u00f3dnak.<\/span><\/p>\n<p style=\"text-align: justify;\"><span style=\"font-weight: 400;\">A bakt\u00e9riumok lebontj\u00e1k a pap\u00edrt, \u00e1llati feh\u00e9rj\u00e9ket, kem\u00e9ny\u00edt\u0151t \u00e9s m\u00e1s szerves anyagokat. Fert\u0151z\u00e9s eset\u00e9n a pap\u00edr vagy a pergamen meggyeng\u00fcl, rothad\u00e1sszagot \u00e1raszt, fel\u00fclet\u00e9n s\u00e1rg\u00e1s, barn\u00e1s foltok l\u00e1that\u00f3k. K\u00e1rt\u00e9tel\u00fcket gyakran neh\u00e9z megk\u00fcl\u00f6nb\u00f6ztetni a pen\u00e9szgomb\u00e1k\u00e9t\u00f3l.<\/span><\/p>\n<p style=\"text-align: justify;\"><span style=\"font-weight: 400;\">A mi kl\u00edm\u00e1nkon k\u00f6zel 200 cellul\u00f3zbont\u00f3 gombafaj ismeretes. Sp\u00f3r\u00e1ik nagyon ellen\u00e1ll\u00f3ak a sz\u00e1razs\u00e1ggal \u00e9s a h\u0151vel szemben. N\u00f6veked\u00e9s\u00fckh\u00f6z \u00e9s vesz\u00e9lyes m\u00e9rt\u00e9k\u0171 elszaporod\u00e1sukhoz a legkedvez\u0151bb a 24\u201330 \u00b0C h\u0151m\u00e9rs\u00e9klet \u00e9s 65\u201390%\u2010os relat\u00edv p\u00e1ratartalom. (A pen\u00e9szed\u00e9s 75%\u2010os RH\u2010\u00e9rt\u00e9ken n\u00e9h\u00e1ny h\u00e9t alatt, 90%\u2010os p\u00e1ratartalom mellett viszont n\u00e9h\u00e1ny nap alatt v\u00e9gbemegy.) Egyes gomb\u00e1k m\u00e1r 63%\u2010os RH\u2010\u00e9rt\u00e9ken is k\u00e9pesek cs\u00edr\u00e1zni. A pap\u00edr \u00e9s a pergamen mellett j\u00f3 t\u00e1ptalaj sz\u00e1mukra a fot\u00f3anyagok zselatin\u2010 \u00e9s emulzi\u00f3s r\u00e9tege is. A pen\u00e9sz\u2010fert\u0151z\u00f6tt dokumentum dohos szag\u00fa, fel\u00fclete bolyhos, elv\u00e9konyodik, elsz\u00ednez\u0151dik, foltosodik, gyeng\u00fcl, m\u00e1llik, szakadozik. A leggyakoribb pap\u00edr\u2010 \u00e9s pergamenpuszt\u00edt\u00f3 gomb\u00e1k k\u00f6z\u00fcl az Aspergillus sz\u00fcrke, fekete, barna foltokat, a Penicillium feh\u00e9r vagy sz\u00ednes foltokat, a Chaetomium barna foltokat okoz.<\/span><\/p>\n<p style=\"text-align: justify;\"><b>R\u00e1gcs\u00e1l\u00f3k, rovarok<\/b><\/p>\n<p style=\"text-align: justify;\"><span style=\"font-weight: 400;\">A r\u00e1gcs\u00e1l\u00f3k (eg\u00e9r, patk\u00e1ny) jelenl\u00e9t\u00e9re \u00e9s k\u00e1rt\u00e9tel\u00e9re utalnak az iratok sz\u00e9lein \u00e9s sarkain l\u00e1that\u00f3 jellegzetes, csipk\u00e9zett r\u00e1g\u00e1snyomok. Megteleped\u00e9s\u00fckh\u00f6z a rendszeres takar\u00edt\u00e1s hi\u00e1nya, az iratt\u00e1ri \u00e9p\u00fclet k\u00f6rnyezet\u00e9nek elhanyagolts\u00e1ga, a higi\u00e9niai k\u00f6vetelm\u00e9nyek be nem tart\u00e1sa nagyban hozz\u00e1j\u00e1rulhat.<\/span><\/p>\n<p style=\"text-align: justify;\"><span style=\"font-weight: 400;\">A rovarok (ez\u00fcst\u00f6s \u0151srovar, cs\u00f3t\u00e1ny, molyf\u00e9l\u00e9k stb.) megteleped\u00e9s\u00e9hez a legkedvez\u0151bb h\u0151m\u00e9rs\u00e9klet a 25\u201330 \u00b0C, de alacsonyabb h\u0151m\u00e9rs\u00e9kleten is akt\u00edvak lehetnek. Sz\u00e1mukra a relat\u00edv l\u00e9gnedvess\u00e9g optimuma 70\u201390%. Szerves anyagokkal t\u00e1pl\u00e1lkoznak, v\u00edzig\u00e9ny\u00fcket a leveg\u0151b\u0151l \u00e9s a szerves anyagok lebont\u00e1sa r\u00e9v\u00e9n el\u00e9g\u00edtik ki. A pen\u00e9szgomb\u00e1k \u00e9s a bakt\u00e9riumok \u00e1ltal lebontott cellul\u00f3z megfelel\u0151 t\u00e1pl\u00e1l\u00e9k sz\u00e1mukra, ez\u00e9rt gyakran szaporodnak el ott, ahol az iratt\u00e1ri anyagot mikrobiol\u00f3giai fert\u0151z\u00e9s \u00e9rte.<\/span><\/p>\n<p style=\"text-align: justify;\"><span style=\"font-weight: 400;\">A rovark\u00e1rtev\u0151k k\u00f6z\u00fcl az ez\u00fcst\u00f6s \u0151srovar az egyik legvesz\u00e9lyesebb. R\u00f6vid id\u0151 alatt k\u00e9pes s\u00falyos k\u00e1rokat okozni az\u00e1ltal, hogy a pap\u00edr fel\u00fclet\u00e9t r\u00e1gja v\u00e9gig, jellegzetes csipkemint\u00e1t hagyva h\u00e1tra. L\u00e1rv\u00e1ja 70%\u2010os RH \u00e9rt\u00e9k alatt elpusztul. A cs\u00f3t\u00e1nyok mindenev\u0151k, lyukakat r\u00e1gnak, \u00fcr\u00fcl\u00e9k\u00fcket a k\u00e1rt\u00e9tel helysz\u00edn\u00e9n hagyj\u00e1k. S\u00f6t\u00e9ts\u00e9g\u2010, meleg\u2010 \u00e9s nedvess\u00e9gkedvel\u0151k. A molylepk\u00e9k (ruhamoly, k\u00e1rpitmoly stb.) l\u00e1rv\u00e1ja k\u00e1ros\u00edt, a bek\u00f6t\u00f6tt k\u00f6tetek bor\u00edt\u00f3\u2010 \u00e9s ragaszt\u00f3anyag\u00e1t fogyasztja, r\u00e1g\u00e1si nyoma k\u00f6r alak\u00fa.<\/span><\/p>\n<p style=\"text-align: justify;\"><b>Egy\u00e9b vesz\u00e9lyek<\/b><\/p>\n<p style=\"text-align: justify;\"><span style=\"font-weight: 400;\">Az iratt\u00e1ri anyag \u00e9ps\u00e9g\u00e9t \u00e9s fennmarad\u00e1s\u00e1t vesz\u00e9lyeztetheti:<\/span><\/p>\n<ul style=\"text-align: justify;\">\n<li style=\"font-weight: 400;\"><span style=\"font-weight: 400;\">a kisebb\u2010nagyobb katasztr\u00f3f\u00e1k (t\u0171zeset, \u00e1rv\u00edz, cs\u0151t\u00f6r\u00e9s, be\u00e1z\u00e1s stb.) bek\u00f6vetkez\u00e9se;<\/span><\/li>\n<li style=\"font-weight: 400;\"><span style=\"font-weight: 400;\">a bet\u00f6r\u00e9s, lop\u00e1s, sz\u00e1nd\u00e9kos k\u00e1rokoz\u00e1s.<\/span><\/li>\n<\/ul>\n<p style=\"text-align: justify;\"><span style=\"font-weight: 400;\">Az iratt\u00e1ri anyag k\u00e1rosod\u00e1s\u00e1t id\u00e9zheti el\u0151 a szakszer\u0171tlen kezel\u00e9s, sz\u00e1ll\u00edt\u00e1s \u00e9s haszn\u00e1lat is.\u00a0<\/span><\/p>\n<p style=\"text-align: justify;\"><span style=\"font-weight: 400;\"><\/span><\/p>\n<h3 style=\"text-align: justify;\"><b>Az iratt\u00e1ri anyag meg\u0151rz\u00e9s\u00e9re szolg\u00e1l\u00f3 iratt\u00e1rhelyis\u00e9ggel szemben t\u00e1masztott k\u00f6vetelm\u00e9nyek<\/b><\/h3>\n<p style=\"text-align: justify;\"><b>Az iratt\u00e1ri iratok anyag\u00e1hoz igazod\u00f3 iratt\u00e1ri h\u0151m\u00e9rs\u00e9klet \u00e9s relat\u00edv l\u00e9gnedvess\u00e9g<\/b><\/p>\n<p style=\"text-align: justify;\"><span style=\"font-weight: 400;\">A pap\u00edralap\u00fa iratt\u00e1ri anyag sz\u00e1m\u00e1ra \u2014 a h\u0151m\u00e9rs\u00e9klet \u00e9s a relat\u00edv l\u00e9gnedvess\u00e9g szempontj\u00e1b\u00f3l \u2014 az iratt\u00e1r biztos\u00edt optim\u00e1lis k\u00f6rnyezetet, amelyben a h\u0151m\u00e9rs\u00e9klet 19 \u00b0C, 1 \u00b0C napi ingadoz\u00e1ssal, a relat\u00edv l\u00e9gnedvess\u00e9g 50%, \u00e9s a napi ingadoz\u00e1s m\u00e9rt\u00e9ke nem t\u00f6bb 5%\u2010n\u00e1l.<\/span><\/p>\n<p style=\"text-align: justify;\"><span style=\"font-weight: 400;\">M\u00e9g elfogadhat\u00f3 az az iratt\u00e1r is, amelynek kl\u00edm\u00e1ja a 14\u201322 \u00b0C \u00e9s a 45\u201360% RH\u2010\u00e9rt\u00e9k k\u00f6z\u00f6tti t\u0171r\u00e9shat\u00e1ron bel\u00fcl viszonylag stabil: a napi ingadoz\u00e1s nem haladja meg a \u00b12 \u00b0C\u2010t \u00e9s az \u00b15% RH\u2010\u00e9rt\u00e9ket, valamint az \u00e9vszakok k\u00f6z\u00f6tti ingadoz\u00e1s sem nagyobb \u00b13 \u00b0C\u2010n\u00e1l \u00e9s \u00b15% RH\u2010\u00e9rt\u00e9kn\u00e9l.<\/span><\/p>\n<p style=\"text-align: justify;\"><span style=\"font-weight: 400;\">Az olyan helyis\u00e9gben, ahol a h\u0151m\u00e9rs\u00e9klet a 14\u201322 \u00b0C, a relat\u00edv l\u00e9gnedvess\u00e9g pedig a 45\u201360% k\u00f6z\u00f6tti t\u0171r\u00e9shat\u00e1ron bel\u00fcl van ugyan, de az ingadoz\u00e1s m\u00e9rt\u00e9ke a m\u00e1sodik bekezd\u00e9sben megjel\u00f6lt \u00e9rt\u00e9kekn\u00e9l nagyobb, pap\u00edralap\u00fa iratt\u00e1ri anyagot csak sz\u00fcks\u00e9gmegold\u00e1sk\u00e9nt \u00e9s csak \u00e1tmeneti jelleggel szabad t\u00e1rolni. A sz\u00fcks\u00e9giratt\u00e1rban is \u00e1lland\u00f3an t\u00f6rekedni kell a h\u0151m\u00e9rs\u00e9klet \u00e9s a relat\u00edv p\u00e1ratartalom viszonylagos stabilit\u00e1s\u00e1nak megteremt\u00e9s\u00e9re.<\/span><\/p>\n<p style=\"text-align: justify;\"><span style=\"font-weight: 400;\">Olyan helyis\u00e9get, amelyben a h\u0151m\u00e9rs\u00e9klet \u00e9s a relat\u00edv l\u00e9gnedvess\u00e9g b\u00e1rmelyik sz\u00e9ls\u0151 \u00e9rt\u00e9ke tart\u00f3san a t\u0171r\u00e9shat\u00e1ron k\u00edv\u00fclre esik, pap\u00edralap\u00fa iratt\u00e1ri anyag t\u00e1rol\u00e1s\u00e1ra nem szabad ig\u00e9nybe venni. Az iratt\u00e1rk\u00e9nt haszn\u00e1lt, de t\u00e1rol\u00e1sra alkalmatlan olyan helyis\u00e9g kiv\u00e1lt\u00e1s\u00e1r\u00f3l (az ott \u0151rz\u00f6tt iratt\u00e1ri anyag megfelel\u0151 elhelyez\u00e9s\u00e9r\u0151l), amelyben a relat\u00edv l\u00e9gnedvess\u00e9g tart\u00f3san meghaladja a 70%\u2010ot, soron k\u00edv\u00fcl kell gondoskodni.<\/span><\/p>\n<p style=\"text-align: justify;\"><span style=\"font-weight: 400;\">Az els\u0151 bekezd\u00e9sben megjel\u00f6lt h\u0151m\u00e9rs\u00e9klet \u00e9s relat\u00edv l\u00e9gnedvess\u00e9g \u00e1lland\u00f3 fenntart\u00e1sa \u00e9rdek\u00e9ben a pergamen alap\u00fa iratt\u00e1ri anyag t\u00e1rol\u00e1s\u00e1ra k\u00fcl\u00f6n iratt\u00e1ri helyis\u00e9get kell kialak\u00edtani vagy kl\u00edmaszekr\u00e9nyt kell biztos\u00edtani.<\/span><\/p>\n<p style=\"text-align: justify;\"><span style=\"font-weight: 400;\">A fekete\u2010feh\u00e9r fot\u00f3anyag optim\u00e1lis t\u00e1rol\u00e1si h\u0151m\u00e9rs\u00e9klete 2 \u00b0C. J\u00f3 \u00e1llapotban l\u00e9v\u0151 fot\u00f3anyag eset\u00e9ben a magasabb h\u0151m\u00e9rs\u00e9klet is elfogadhat\u00f3, de nem \u00e9rheti el a 20 \u00b0C\u2010t, \u00e9s a napi ingadoz\u00e1s nem lehet t\u00f6bb \u00b11 \u00b0C\u2010n\u00e1l. A megengedett RH\u2010\u00e9rt\u00e9k 35%, legfeljebb \u00b15% napi ingadoz\u00e1ssal.<\/span><\/p>\n<p style=\"text-align: justify;\"><span style=\"font-weight: 400;\">A sz\u00ednes fot\u00f3negat\u00edvok, filmek \u00e9s pap\u00edrk\u00e9pek eset\u00e9ben is 2 \u00b0C az optim\u00e1lis h\u0151m\u00e9rs\u00e9klet. A fot\u00f3anyag \u00e1llapot\u00e1t\u00f3l f\u00fcgg\u0151en a h\u0151m\u00e9rs\u00e9klet lehet magasabb is, de nem \u00e9rheti el a 15 \u00b0C\u2010t. A napi h\u0151ingadoz\u00e1s megengedett m\u00e9rt\u00e9ke \u00b11 \u00b0C. A megengedett RH\u2010\u00e9rt\u00e9k 25%, \u00b15%\u2010os napi ingadoz\u00e1ssal.<\/span><\/p>\n<p style=\"text-align: justify;\"><span style=\"font-weight: 400;\">Az iratt\u00e1rb\u00f3l t\u00f6rt\u00e9n\u0151 kiemel\u00e9se eset\u00e9n a fot\u00f3anyagot fokozatosan kell szoktatni a k\u00fcls\u0151 h\u0151m\u00e9rs\u00e9klethez. A hirtelen h\u0151m\u00e9rs\u00e9kletv\u00e1ltoz\u00e1st ker\u00fclni kell.<\/span><\/p>\n<p style=\"text-align: justify;\"><span style=\"font-weight: 400;\">A m\u00e1gneses adathordoz\u00f3k optim\u00e1lis t\u00e1rol\u00e1si k\u00f6rnyezete: 18\u00b12 \u00b0C h\u0151m\u00e9rs\u00e9klet \u00e9s 30\u00b15% RH\u2010\u00e9rt\u00e9k. A klimatikus viszonyok hirtelen v\u00e1ltoz\u00e1s\u00e1t ker\u00fclni kell.<\/span><\/p>\n<p style=\"text-align: justify;\"><span style=\"font-weight: 400;\">Az optikai adathordoz\u00f3k sz\u00e1m\u00e1ra el\u0151\u00edrt klimatikus k\u00f6rnyezet jellemz\u0151i:<\/span><\/p>\n<p style=\"text-align: justify;\"><span style=\"font-weight: 400;\">20 \u00b0C, \u00b12 \u00b0C napi ingadoz\u00e1ssal, \u00e9s 35%\u2010os RH\u2010\u00e9rt\u00e9k, \u00b15%\u2010os napi ingadoz\u00e1ssal. Az optikai lemezeket a hirtelen h\u0151m\u00e9rs\u00e9kletv\u00e1ltoz\u00e1st\u00f3l \u00f3vni kell.<\/span><\/p>\n<p style=\"text-align: justify;\"><b>A relat\u00edv l\u00e9gnedvess\u00e9g szab\u00e1lyoz\u00e1sa<\/b><\/p>\n<p style=\"text-align: justify;\"><span style=\"font-weight: 400;\">A k\u00f6zponti l\u00e9gkondicion\u00e1l\u00f3 berendez\u00e9s el\u0151re szab\u00e1lyozott szinten tartja az iratt\u00e1r leveg\u0151j\u00e9nek h\u0151m\u00e9rs\u00e9klet\u00e9t, relat\u00edv p\u00e1ratartalm\u00e1t \u00e9s eloszl\u00e1s\u00e1t. K\u00f6zponti l\u00e9gkondicion\u00e1l\u00e1s hi\u00e1ny\u00e1ban az iratt\u00e1rhelyis\u00e9g relat\u00edv p\u00e1ratartalm\u00e1t meleg\u00edt\u00e9s n\u00e9lk\u00fcli nedves\u00edt\u0151 berendez\u00e9ssel vagy l\u00e9gsz\u00e1r\u00edt\u00f3 \u2014 lehet\u0151leg fagyasztva sz\u00e1r\u00edt\u00f3 \u2014 berendez\u00e9ssel is szab\u00e1lyozni lehet. (Egy berendez\u00e9ssel \u00e1ltal\u00e1ban 500 m3 t\u00e9rfogat\u00fa helyis\u00e9g p\u00e1ratartalm\u00e1t lehet megfelel\u0151en szab\u00e1lyozni.)<\/span><\/p>\n<p style=\"text-align: justify;\"><span style=\"font-weight: 400;\">A relat\u00edv p\u00e1ratartalom \u00e9rt\u00e9ke z\u00e1rt t\u00e9rben a h\u0151m\u00e9rs\u00e9klettel ford\u00edtottan v\u00e1ltozik. Ez\u00e9rt a relat\u00edv l\u00e9gnedvess\u00e9get a f\u0171t\u00e9s szab\u00e1lyoz\u00e1s\u00e1val \u00e9s a szell\u0151ztet\u00e9s kombin\u00e1l\u00e1s\u00e1val \u2014 bizonyos hat\u00e1rok k\u00f6z\u00f6tt \u2014 l\u00e9gkondicion\u00e1l\u00f3 berendez\u00e9s n\u00e9lk\u00fcl is a k\u00edv\u00e1nt \u00e9rt\u00e9ken lehet tartani. Ez a m\u00f3dszer azonban csak sz\u00e1raz id\u0151ben \u00e9s megfelel\u0151en kialak\u00edtott, stabil kl\u00edm\u00e1j\u00fa helyis\u00e9gben lehet igaz\u00e1n c\u00e9lravezet\u0151.<\/span><\/p>\n<p style=\"text-align: justify;\"><b>Leveg\u0151szennyezetts\u00e9g<\/b><\/p>\n<p style=\"text-align: justify;\"><span style=\"font-weight: 400;\">Az optim\u00e1lis az, ha a k\u00e1ros hat\u00e1s\u00fa l\u00e9gszennyez\u0151 g\u00e1zokb\u00f3l az iratt\u00e1r leveg\u0151je nem tartalmaz t\u00f6bbet, mint: 1 \u03bcg\/m\u00b3 k\u00e9n\u2010dioxidot, 5\u03bcg\/m\u00b3 nitrog\u00e9noxidokat, 25 \u03bcg\/m\u00b3 \u00f3zont, \u00e9s a portartalom sem t\u00f6bb 75 \u03bcg\/m\u00b3\u2010n\u00e9l. (A tiszta leveg\u0151 portartalma \u00e1ltal\u00e1ban 15\u201020 \u03bcg\/m\u00b3.)<\/span><\/p>\n<p style=\"text-align: justify;\"><span style=\"font-weight: 400;\">A l\u00e9gsz\u0171r\u00e9s leghat\u00e1sosabban a k\u00f6zponti l\u00e9gkondicion\u00e1l\u00f3 berendez\u00e9sbe be\u00e9p\u00edtett sz\u0171r\u0151k seg\u00edts\u00e9g\u00e9vel v\u00e9gezhet\u0151. A leveg\u0151 portartalm\u00e1nak nagy r\u00e9sze kisz\u0171rhet\u0151 azokkal a p\u00e1r\u00e1s\u00edt\u00f3 vagy l\u00e9gsz\u00e1r\u00edt\u00f3 berendez\u00e9sekkel is, amelyeket sz\u0171r\u0151vel is ell\u00e1ttak.<\/span><\/p>\n<p style=\"text-align: justify;\"><span style=\"font-weight: 400;\">G\u00e9pi berendez\u00e9sek hi\u00e1ny\u00e1ban az iratt\u00e1rban l\u00e9v\u0151 l\u00e9gszennyez\u0151k mennyis\u00e9ge egyr\u00e9szt gyakori portalan\u00edt\u00e1ssal, m\u00e1sr\u00e9szt k\u00f6zvetett szell\u0151ztet\u00e9ssel cs\u00f6kkenthet\u0151, vagyis az iratt\u00e1rat csak ajt\u00f3n kereszt\u00fcl (m\u00e1s helyis\u00e9gbe) szell\u0151ztetj\u00fck, ablakot nem nyitunk a szabadba.<\/span><\/p>\n<p style=\"text-align: justify;\"><span style=\"font-weight: 400;\">Az iratt\u00e1roz\u00e1sra szolg\u00e1l\u00f3 \u00e9p\u00fcletr\u00e9szben ne legyen k\u00e1ros g\u00e1zt kibocs\u00e1t\u00f3 eszk\u00f6z, berendez\u00e9si t\u00e1rgy, burkolat, m\u0171anyag fest\u00e9kkel bevont fel\u00fclet. Tilos a m\u0171anyag ragaszt\u00f3 haszn\u00e1lata. Az iratt\u00e1ri anyag k\u00f6zel\u00e9ben nem szabad amm\u00f3ni\u00e1t, kl\u00f3rt \u00e9s formaldehidet tartalmaz\u00f3 tiszt\u00edt\u00f3szereket t\u00e1rolni, \u00e9s ezek haszn\u00e1lat\u00e1t lehet\u0151s\u00e9g szerint ker\u00fclni kell. A beton\u2010padozatot \u2014 az abb\u00f3l ered\u0151 por kik\u00fcsz\u00f6b\u00f6l\u00e9se \u00e9rdek\u00e9ben \u2014 t\u00f6m\u00f6r szigetel\u0151r\u00e9teggel kell ell\u00e1tni.<\/span><\/p>\n<p style=\"text-align: justify;\"><b>Megvil\u00e1g\u00edt\u00e1s<\/b><\/p>\n<p style=\"text-align: justify;\"><span style=\"font-weight: 400;\">Az iratt\u00e1ri anyagot a k\u00f6zvetlen napf\u00e9nyt\u0151l \u00f3vni kell. Ez\u00e9rt a term\u00e9szetes f\u00e9nyt az iratt\u00e1rhelyis\u00e9gb\u0151l lehet\u0151s\u00e9g szerint teljesen ki kell z\u00e1rni.<\/span><\/p>\n<p style=\"text-align: justify;\"><span style=\"font-weight: 400;\">Az iratt\u00e1r megvil\u00e1g\u00edt\u00e1s\u00e1ra UV\u2010mentes vagy kev\u00e9s UV\u2010sug\u00e1rz\u00e1st kibocs\u00e1t\u00f3 vil\u00e1g\u00edt\u00f3testeket kell haszn\u00e1lni. J\u00e1rhat\u00f3 \u00fat az is, ha a gazdas\u00e1goss\u00e1gi szempontok miatt az iratt\u00e1rakban \u00e1ltal\u00e1nosan haszn\u00e1lt f\u00e9nycs\u00f6vek UV\u2010tartalm\u00e1t \u2014 sz\u0171r\u00e9ssel \u2014 75 \u03bcwatt\/m2 \u00e9rt\u00e9k al\u00e1 cs\u00f6kkentj\u00fck. \u00c1ltal\u00e1ban a f\u00e9nycs\u0151\u2010armat\u00far\u00e1ra szerelt plexibor\u00edt\u00e1s sem engedi \u00e1t az UV\u2010sug\u00e1rz\u00e1s jelent\u0151s r\u00e9sz\u00e9t, de a t\u00e9nyleges \u00e9rt\u00e9ket speci\u00e1lis \u2014 az UV\u2010sug\u00e1rz\u00e1s m\u00e9r\u00e9s\u00e9re alkalmas \u2014 k\u00e9sz\u00fcl\u00e9kkel is ellen\u0151rizni kell.<\/span><\/p>\n<p style=\"text-align: justify;\"><span style=\"font-weight: 400;\">A megvil\u00e1g\u00edt\u00e1s er\u0151ss\u00e9g\u00e9t \u00e9s idej\u00e9t minimaliz\u00e1lni kell. Az iratt\u00e1ri munkav\u00e9gz\u00e9shez 200 lux elegend\u0151, egy\u00e9bk\u00e9nt \u2014 a sz\u00ednes fot\u00f3anyag kiv\u00e9tel\u00e9vel \u2014 50 lux lehet az iratt\u00e1r vil\u00e1g\u00edt\u00e1s f\u00e9nyereje. A sz\u00ednes fot\u00f3anyagot s\u00f6t\u00e9tben kell t\u00e1rolni. 50 lux f\u00e9nyer\u0151ss\u00e9g mellett az iratt\u00e1ri anyagon l\u00e9v\u0151 szerves eredet\u0171 tint\u00e1kat \u00e9s fest\u00e9keket, valamint a lignintartalm\u00fa pap\u00edrt egy \u00e9v alatt \u00e9r\u0151 megvil\u00e1g\u00edt\u00e1s id\u0151tartama nem lehet t\u00f6bb 720 \u00f3r\u00e1n\u00e1l (100 lux f\u00e9nyer\u0151ss\u00e9g mellett 360 \u00f3r\u00e1n\u00e1l). A sz\u00ednes fot\u00f3anyag eset\u00e9ben pedig az \u00e9ves megvil\u00e1g\u00edt\u00e1s id\u0151tartama \u2014 ugyancsak 50 lux mellett \u2014 nem haladhatja meg a 250 \u00f3r\u00e1t.<\/span><\/p>\n<p style=\"text-align: justify;\"><span style=\"font-weight: 400;\">Az iratt\u00e1rhelyis\u00e9get, ha abban senki nem tart\u00f3zkodik \u2014 t\u0171zv\u00e9delmi okokb\u00f3l is \u2014 \u00e1ramtalan\u00edtani kell.<\/span><\/p>\n<p style=\"text-align: justify;\"><b>Bet\u00f6r\u00e9s, valamint t\u0171z\u2010 \u00e9s v\u00edzk\u00e1r elleni v\u00e9dekez\u00e9s<\/b><\/p>\n<p style=\"text-align: justify;\"><span style=\"font-weight: 400;\">Az elv\u00e1rt iratt\u00e1r haszn\u00e1lati szab\u00e1lyok, tov\u00e1bb\u00e1 a t\u0171zrend\u00e9szeti Szab\u00e1lyzatban foglaltak k\u00f6vetkezetes \u00e9rv\u00e9nyes\u00edt\u00e9s\u00e9n t\u00falmen\u0151en alapvet\u0151 k\u00f6vetelm\u00e9ny, hogy<\/span><\/p>\n<ul>\n<li style=\"font-weight: 400; text-align: justify;\"><span style=\"font-weight: 400;\">az iratt\u00e1rhelyis\u00e9geket \u00e9s az odavezet\u0151 folyos\u00f3kat kulcs n\u00e9lk\u00fcl csak bel\u00fclr\u0151l nyithat\u00f3, legal\u00e1bb 120 cm sz\u00e9les f\u00e9m ajt\u00f3kkal kell ell\u00e1tni;<\/span><\/li>\n<li style=\"font-weight: 400; text-align: justify;\"><span style=\"font-weight: 400;\">az iratt\u00e1rhelyis\u00e9gek ablakaira \u2014 ha az er\u0151szakos behatol\u00e1s vesz\u00e9lye fenn\u00e1ll \u2014 r\u00e1csot vagy elektromos riaszt\u00f3t kell szerelni;<\/span><\/li>\n<li style=\"font-weight: 400; text-align: justify;\"><span style=\"font-weight: 400;\">szennyv\u00edzcsatorna, g\u00e1zvezet\u00e9k, valamint nyom\u00e1s al\u00e1 helyezett v\u00edzvezet\u00e9k az iratt\u00e1ron ne haladjon kereszt\u00fcl;<\/span><\/li>\n<li style=\"font-weight: 400; text-align: justify;\"><span style=\"font-weight: 400;\">az iratt\u00e1rhelyis\u00e9gben nagy \u00e9rz\u00e9kenys\u00e9g\u0171 t\u0171zjelz\u0151 berendez\u00e9st, valamint g\u00e1zzal olt\u00f3 k\u00e9zi t\u0171zolt\u00f3 k\u00e9sz\u00fcl\u00e9ket kell elhelyezni.<\/span><\/li>\n<li style=\"font-weight: 400; text-align: justify;\"><span style=\"font-weight: 400;\">A nagy alapter\u00fclet\u0171 iratt\u00e1rakat t\u0171zszakaszokra kell osztani.<\/span><\/li>\n<\/ul>\n<p>[\/et_pb_text][\/et_pb_column][\/et_pb_row][\/et_pb_section][et_pb_section fb_built=&#8221;1&#8243; admin_label=&#8221;Services&#8221; _builder_version=&#8221;4.16&#8243; locked=&#8221;off&#8221; global_colors_info=&#8221;{}&#8221;][et_pb_row _builder_version=&#8221;4.16&#8243; custom_padding=&#8221;|||&#8221; global_colors_info=&#8221;{}&#8221;][et_pb_column type=&#8221;4_4&#8243; _builder_version=&#8221;4.16&#8243; custom_padding=&#8221;|||&#8221; global_colors_info=&#8221;{}&#8221; custom_padding__hover=&#8221;|||&#8221;][et_pb_text _builder_version=&#8221;4.16&#8243; text_font=&#8221;||||||||&#8221; header_font=&#8221;||||||||&#8221; header_2_font=&#8221;|600||on|||||&#8221; header_2_text_color=&#8221;#0054ff&#8221; header_2_font_size=&#8221;16px&#8221; header_2_letter_spacing=&#8221;3px&#8221; header_2_line_height=&#8221;1.8em&#8221; header_3_font=&#8221;||||||||&#8221; text_orientation=&#8221;center&#8221; custom_padding=&#8221;5px|||||&#8221; global_colors_info=&#8221;{}&#8221;]<a id=\"irattar\"><\/a><\/p>\n<h2 style=\"text-align: justify;\"><span style=\"font-weight: 400;\">Iratt\u00e1rra vonatkoz\u00f3 el\u0151\u00edr\u00e1sok<\/span><\/h2>\n<p>[\/et_pb_text][\/et_pb_column][\/et_pb_row][et_pb_row _builder_version=&#8221;4.16&#8243; global_colors_info=&#8221;{}&#8221;][et_pb_column type=&#8221;4_4&#8243; _builder_version=&#8221;4.16&#8243; custom_padding=&#8221;|||&#8221; global_colors_info=&#8221;{}&#8221; custom_padding__hover=&#8221;|||&#8221;][et_pb_image src=&#8221;https:\/\/www.dwsdigital.hu\/wp-content\/uploads\/2020\/11\/web-icon-design-2.png&#8221; alt=&#8221;Digitaliz\u00e1l\u00e1si szolg\u00e1ltat\u00e1s&#8221; title_text=&#8221;web-icon-design-2&#8243; align_tablet=&#8221;center&#8221; align_phone=&#8221;&#8221; align_last_edited=&#8221;on|desktop&#8221; _builder_version=&#8221;4.16&#8243; animation_style=&#8221;slide&#8221; animation_direction=&#8221;left&#8221; animation_intensity_slide=&#8221;5%&#8221; global_colors_info=&#8221;{}&#8221;][\/et_pb_image][et_pb_text _builder_version=&#8221;4.16&#8243; text_font=&#8221;||||||||&#8221; text_line_height=&#8221;2em&#8221; header_font=&#8221;||||||||&#8221; header_3_font=&#8221;Lato|700|||||||&#8221; header_3_line_height=&#8221;1.4em&#8221; text_orientation=&#8221;right&#8221; animation_style=&#8221;slide&#8221; animation_direction=&#8221;left&#8221; animation_delay=&#8221;100ms&#8221; animation_intensity_slide=&#8221;5%&#8221; global_colors_info=&#8221;{}&#8221;]<\/p>\n<h3 style=\"text-align: justify;\"><b>Az iratt\u00e1ri \u00e9p\u00fcletek f\u0151bb szempontjai<\/b><\/h3>\n<ul style=\"text-align: justify;\">\n<li style=\"font-weight: 400;\"><span style=\"font-weight: 400;\">A tervezett \u00faj vagy az iratt\u00e1ri c\u00e9lra \u00e1talak\u00edtott \u00e9p\u00fclet legal\u00e1bb 15\u201020 \u00e9vre el\u0151re ny\u00fajtson elegend\u0151 t\u00e1rol\u00e1si teret az iratt\u00e1ri anyag \u2014 jogszab\u00e1lyi k\u00f6telezetts\u00e9gen alapul\u00f3 \u2014 rendszeres \u00e1tv\u00e9tel\u00e9hez. Az iratt\u00e1ri c\u00e9lra rendelkez\u00e9sre \u00e1ll\u00f3 ter\u00fcleten legyen m\u00f3d a k\u00e9s\u0151bbi b\u0151v\u00edt\u00e9sre is.\u00a0<\/span><\/li>\n<li style=\"font-weight: 400;\"><span style=\"font-weight: 400;\">Az \u00e9p\u00fclet iratt\u00e1rhelyis\u00e9gei folyamatosan biztos\u00edts\u00e1k az ott \u0151rz\u00f6tt dokumentumok anyag\u00e1hoz igazod\u00f3 optim\u00e1lis h\u0151m\u00e9rs\u00e9kletet \u00e9s relat\u00edv p\u00e1ratartalmat, v\u00e9dj\u00e9k meg az iratokat a k\u00f6zvetlen naps\u00fct\u00e9s, a l\u00e9gszennyez\u0151 g\u00e1zok \u00e9s a por k\u00e1ros\u00edt\u00f3 hat\u00e1s\u00e1t\u00f3l, valamint feleljenek meg a II. fejezetben felsorolt egy\u00e9b k\u00f6vetelm\u00e9nyeknek is.\u00a0<\/span><\/li>\n<li style=\"font-weight: 400;\"><span style=\"font-weight: 400;\">A funkcion\u00e1lis, \u00e9p\u00edt\u00e9szeti, t\u0171zv\u00e9delmi \u00e9s biztons\u00e1gi szempontok egyeztet\u00e9se m\u00e1r a tervez\u00e9s kezdeti szakasz\u00e1ban kezd\u0151dj\u00e9k el.\u00a0<\/span><\/li>\n<li style=\"font-weight: 400;\"><span style=\"font-weight: 400;\">Fontos, hogy a tervez\u00e9s \u00e9s a kivitelez\u00e9s eg\u00e9sz id\u0151szak\u00e1ban az iratt\u00e1ri szempontok megfelel\u0151en \u00e9rv\u00e9nyes\u00fcljenek. Ennek egyik felt\u00e9tele, hogy az iratt\u00e1r szak\u00e9rt\u0151k bevon\u00e1s\u00e1val \u2014 m\u00e1r a tervez\u00e9s megkezd\u00e9se el\u0151tt \u2014 \u00e1ll\u00edtsa \u00f6ssze a maga szempontrendszer\u00e9t.\u00a0<\/span><\/li>\n<li style=\"font-weight: 400;\"><span style=\"font-weight: 400;\">A tervez\u00e9s sor\u00e1n a beruh\u00e1z\u00e1si \u00e9s a v\u00e1rhat\u00f3 fenntart\u00e1si\u2010m\u0171k\u00f6d\u00e9si k\u00f6lts\u00e9geket egy\u00fcttesen kell m\u00e9rlegelni. K\u00fcl\u00f6n\u00f6sen fontos ez az optim\u00e1lis iratt\u00e1ri kl\u00edm\u00e1t biztos\u00edt\u00f3 \u00e9p\u00edt\u00e9szeti \u00e9s m\u0171szaki megold\u00e1sok megtervez\u00e9sekor.\u00a0<\/span><\/li>\n<\/ul>\n<h3 style=\"text-align: justify;\"><b>Az \u00e9p\u00fclet kialak\u00edt\u00e1s\u00e1nak szempontjai<\/b><\/h3>\n<ul style=\"text-align: justify;\">\n<li style=\"font-weight: 400;\"><span style=\"font-weight: 400;\">Az iratt\u00e1rak, a munkav\u00e9gz\u00e9sre szolg\u00e1l\u00f3 ter\u00fcletek (munkaszob\u00e1k, rendez\u0151helyis\u00e9gek), valamint a nyilv\u00e1nos terek j\u00f3l k\u00fcl\u00f6n\u00fcljenek el egym\u00e1st\u00f3l.\u00a0<\/span><\/li>\n<li style=\"font-weight: 400;\"><span style=\"font-weight: 400;\">Az iratt\u00e1rakhoz kapcsol\u00f3djon az iratok portalan\u00edt\u00e1s\u00e1ra, a b\u00e1rmely okb\u00f3l nedvess\u00e9 v\u00e1lt iratok sz\u00e1r\u00edt\u00e1s\u00e1ra, valamint a fert\u0151z\u00f6tt iratok elk\u00fcl\u00f6n\u00edt\u00e9s\u00e9re alkalmas helyis\u00e9g, tov\u00e1bb\u00e1 a biztons\u00e1gos irat\u00e1tv\u00e9telhez n\u00e9lk\u00fcl\u00f6zhetetlen fedett kocsibe\u00e1ll\u00f3.\u00a0<\/span><\/li>\n<li style=\"font-weight: 400;\"><span style=\"font-weight: 400;\">Az iratt\u00e1rakban sima, meszelt, esetleg por\u00f3zus fest\u00e9kkel bevont falfel\u00fcleteket kell kialak\u00edtani. Az iratt\u00e1ri anyag \u00e9p\u00fcleten bel\u00fcli sz\u00e1ll\u00edt\u00e1s\u00e1ra szolg\u00e1l\u00f3 \u00fatvonalon a padl\u00f3zat legyen egyenletes, t\u00f6m\u00f6r fel\u00fclet\u0171, cs\u00fasz\u00e1smentes, k\u00fcsz\u00f6b ne szak\u00edtsa meg, az esetleges szintk\u00fcl\u00f6nbs\u00e9gek \u00e1thidal\u00e1s\u00e1ra szolg\u00e1l\u00f3 lejt\u0151 10%\u2010osn\u00e1l ne legyen meredekebb. Az egyes szintek k\u00f6z\u00f6tti iratsz\u00e1ll\u00edt\u00e1st legal\u00e1bb 600 kg teherb\u00edr\u00e1s\u00fa lift seg\u00edtse.\u00a0<\/span><\/li>\n<li style=\"font-weight: 400;\"><span style=\"font-weight: 400;\">Az iratt\u00e1ri anyag naps\u00fct\u00e9s elleni v\u00e9delme szempontj\u00e1b\u00f3l az a kedvez\u0151, ha az iratt\u00e1raknak nincs ablaka. Ha van, akkor az legyen kis m\u00e9ret\u0171 \u00e9s keskeny, \u00e9s ne befoly\u00e1solja kedvez\u0151tlen\u00fcl az iratt\u00e1ri kl\u00edm\u00e1t.\u00a0<\/span><\/li>\n<li style=\"font-weight: 400;\"><span style=\"font-weight: 400;\">Adapt\u00e1lt \u00e9p\u00fclet eset\u00e9n is t\u00f6rekedni kell az ablakok m\u00e9ret\u00e9nek cs\u00f6kkent\u00e9s\u00e9re, \u2014 ahol lehet \u2014 megsz\u00fcntet\u00e9s\u00e9re. A megmarad\u00f3 ablakokat s\u00f6t\u00e9t\u00edt\u0151kkel (red\u0151ny, spaletta, rol\u00f3 stb.) kell ell\u00e1tni \u00e9s lehet\u0151s\u00e9g szerint nyithatatlann\u00e1 tenni.\u00a0<\/span><\/li>\n<li style=\"font-weight: 400;\"><span style=\"font-weight: 400;\">A rendez\u0151helyis\u00e9gek, a munkaszob\u00e1k \u00e9s az \u00e1llom\u00e1nyv\u00e9delmi m\u0171helyek, valamint a kutat\u00f3terem ablakait lehet\u0151leg UV\u2010sz\u0171r\u0151 \u00fcveggel kell ell\u00e1tni. Ha erre nincs m\u00f3d, az \u00fcvegekre az UV\u2010sug\u00e1rz\u00e1s kisz\u0171r\u00e9s\u00e9re alkalmas f\u00f3li\u00e1t vagy bevonatot kell helyezni.\u00a0<\/span><\/li>\n<li style=\"font-weight: 400;\"><span style=\"font-weight: 400;\">Az \u00e9p\u00fcleten bel\u00fcli h\u0151m\u00e9rs\u00e9klet \u00e9s relat\u00edv l\u00e9gnedvess\u00e9g szab\u00e1lyoz\u00e1s\u00e1nak egyik m\u00f3dja az iratt\u00e1rak, a munkaszob\u00e1k \u00e9s a nyilv\u00e1nos terek l\u00e9gkondicion\u00e1l\u00f3 berendez\u00e9ssel t\u00f6rt\u00e9n\u0151 ell\u00e1t\u00e1sa. A berendez\u00e9s m\u0171k\u00f6dtet\u00e9se azonban igen k\u00f6lts\u00e9ges. Ez\u00e9rt c\u00e9lszer\u0171 olyan \u00e9p\u00edt\u00e9szeti megold\u00e1sokat \u00e9s szigetel\u00e9si technik\u00e1kat alkalmazni, amelyek l\u00e9gkondicion\u00e1l\u00f3 berendez\u00e9s n\u00e9lk\u00fcl vagy annak nagyon korl\u00e1tozott m\u0171k\u00f6dtet\u00e9s\u00e9vel biztos\u00edtj\u00e1k a megfelel\u0151 klimatikus k\u00f6rnyezetet. Ez a megold\u00e1s egyszeri \u2014 hossz\u00fat\u00e1von megt\u00e9r\u00fcl\u0151 \u2014 k\u00f6lts\u00e9gkihat\u00e1ssal j\u00e1r.\u00a0<\/span><\/li>\n<\/ul>\n<h3 style=\"text-align: justify;\"><b>Az iratt\u00e1r felszerelts\u00e9g<\/b><\/h3>\n<p style=\"text-align: justify;\"><b>1. Iratt\u00e1ri \u00e1llv\u00e1nyok:<\/b><\/p>\n<p style=\"text-align: justify;\"><span style=\"font-weight: 400;\">Az iratt\u00e1ri anyag iratt\u00e1ri egys\u00e9geinek megfelel\u0151 elhelyez\u00e9se \u00e9rdek\u00e9ben az iratt\u00e1rhelyis\u00e9get els\u0151sorban \u00e1llv\u00e1nyokkal kell felszerelni. A c\u00e9lnak legink\u00e1bb a f\u00e9mb\u0151l k\u00e9sz\u00fclt, kalap\u00e1cslakkal vagy \u00e9getett zom\u00e1nccal bevont, r\u00f6gz\u00edtett vagy mozgathat\u00f3 (t\u00f6m\u00f6r) \u00e1llv\u00e1nyok felelnek meg.<\/span><\/p>\n<p style=\"text-align: justify;\"><span style=\"font-weight: 400;\">Az \u00e1llv\u00e1nyzat magass\u00e1ga lehet\u0151leg ne haladja meg a 2,2 m\u2010t. Ha a helyis\u00e9g adotts\u00e1gai 4 m\u2010n\u00e9l magasabb, r\u00f6gz\u00edtett \u00e1llv\u00e1nyzat felszerel\u00e9s\u00e9t is lehet\u0151v\u00e9 teszik, oszt\u00f3f\u00f6d\u00e9m vagy gal\u00e9ria \u00e9p\u00edt\u00e9se k\u00f6telez\u0151. A magasabb polcokon l\u00e9v\u0151 iratt\u00e1ri egys\u00e9gek mozgat\u00e1s\u00e1hoz az iratt\u00e1rakat stabil, biztons\u00e1gos l\u00e9tr\u00e1kkal kell ell\u00e1tni.<\/span><\/p>\n<p style=\"text-align: justify;\"><span style=\"font-weight: 400;\">Az \u00e1llv\u00e1nyzat \u00e9sszer\u0171 helykihaszn\u00e1l\u00e1ssal \u00e9s biztons\u00e1gosan tegye lehet\u0151v\u00e9 az iratt\u00e1ri egys\u00e9gek t\u00e1rol\u00e1s\u00e1t, k\u00f6nny\u0171 kiemel\u00e9s\u00e9t \u00e9s visszahelyez\u00e9s\u00e9t.\u00a0<\/span><\/p>\n<p style=\"text-align: justify;\"><span style=\"font-weight: 400;\">Ennek \u00e9rdek\u00e9ben<\/span><\/p>\n<ul style=\"text-align: justify;\">\n<li style=\"font-weight: 400;\"><span style=\"font-weight: 400;\">a f\u00fcgg\u0151leges tagok \u00e9s a r\u00f6gz\u00edt\u00e9sek legyenek el\u00e9g er\u0151sek ahhoz, hogy elb\u00edrj\u00e1k a polcsor teljes terhelhet\u0151s\u00e9g\u00e9t;<\/span><\/li>\n<li style=\"font-weight: 400;\"><span style=\"font-weight: 400;\">a polcok magass\u00e1ga legyen k\u00f6nnyen \u00e1ll\u00edthat\u00f3;<\/span><\/li>\n<li style=\"font-weight: 400;\"><span style=\"font-weight: 400;\">a polc m\u00e9lys\u00e9ge (r\u00f6videbb oldal\u00e1nak hossza) akkora legyen, hogy az iratt\u00e1ri egys\u00e9gek ne ny\u00faljanak t\u00fal a polc sz\u00e9lein;<\/span><\/li>\n<li style=\"font-weight: 400;\"><span style=\"font-weight: 400;\">a polcok sz\u00e9less\u00e9ge tegye lehet\u0151v\u00e9, hogy az iratt\u00e1ri egys\u00e9gek csak annyira szorosan helyezkedjenek el egym\u00e1s mellett, hogy az ne akad\u00e1lyozza k\u00f6nny\u0171 mozgat\u00e1sukat;<\/span><\/li>\n<li style=\"font-weight: 400;\"><span style=\"font-weight: 400;\">az \u00e1llv\u00e1nyzaton ne legyenek \u00e9les peremek, ki\u00e1ll\u00f3 sarkok.<\/span><\/li>\n<\/ul>\n<p style=\"text-align: justify;\"><span style=\"font-weight: 400;\">A leveg\u0151 szabad \u00e1raml\u00e1s\u00e1nak biztos\u00edt\u00e1sa \u00e9rdek\u00e9ben:<\/span><\/p>\n<ul style=\"text-align: justify;\">\n<li style=\"font-weight: 400;\"><span style=\"font-weight: 400;\">a f\u00fcgg\u0151leges tagok legyenek nyitottak;\u00a0<\/span><\/li>\n<li style=\"font-weight: 400;\"><span style=\"font-weight: 400;\">az \u00e1llv\u00e1nyzat als\u00f3 polca \u00e9s a padl\u00f3 k\u00f6z\u00f6tt legal\u00e1bb 15 cm\u2010es r\u00e9st kell hagyni (erre egy\u00e9bk\u00e9nt a takar\u00edthat\u00f3s\u00e1g szempontj\u00e1b\u00f3l is sz\u00fcks\u00e9g van);<\/span><\/li>\n<li style=\"font-weight: 400;\"><span style=\"font-weight: 400;\">az \u00e1llv\u00e1nyzat fels\u0151 polca (vagy z\u00e1r\u00f3 eleme) a mennyezett\u0151l kell\u0151 t\u00e1vols\u00e1gra legyen (a t\u00e1vols\u00e1g meghat\u00e1roz\u00e1sakor a l\u00e9gmozg\u00e1son t\u00fal, a mennyezeten elhelyezett vil\u00e1g\u00edt\u00f3testek kibocs\u00e1t\u00e1s\u00e1t is figyelembe kell venni);<\/span><\/li>\n<li style=\"font-weight: 400;\"><span style=\"font-weight: 400;\">a mozgathat\u00f3 \u00e1llv\u00e1nyok egyes egys\u00e9gei k\u00f6z\u00f6tt is legal\u00e1bb 15 cm\u2010es r\u00e9st kell hagyni.<\/span><\/li>\n<\/ul>\n<p style=\"text-align: justify;\"><span style=\"font-weight: 400;\">A r\u00f6gz\u00edtett \u00e1llv\u00e1nyok iratt\u00e1ron bel\u00fcli elrendez\u00e9sekor \u00e1llv\u00e1nyp\u00e1rokat, az \u00e1llv\u00e1nyp\u00e1rokb\u00f3l a legal\u00e1bb 1,2 m sz\u00e9les f\u0151 k\u00f6zleked\u00e9si folyos\u00f3ra mer\u0151legesen \u00e1llv\u00e1nysorokat kell kialak\u00edtani.<\/span><\/p>\n<p style=\"text-align: justify;\"><span style=\"font-weight: 400;\">Az \u00e1llv\u00e1nysorok k\u00f6z\u00f6tti t\u00e1vols\u00e1g meghat\u00e1roz\u00e1sakor az \u00e1llv\u00e1nyzat magass\u00e1g\u00e1t, valamint iratt\u00e1ri egys\u00e9gek s\u00e9r\u00fcl\u00e9smentes mozgat\u00e1s\u00e1nak szempontjait kell figyelembe venni. A 2,2 m\u2010n\u00e9l nem magasabb \u00e1llv\u00e1nyok eset\u00e9ben a t\u00e9rk\u00f6z nem lehet kisebb 0,8 m\u2010n\u00e9l.<\/span><\/p>\n<p style=\"text-align: justify;\"><span style=\"font-weight: 400;\">\u00dcgyelni kell arra, hogy:<\/span><\/p>\n<ul style=\"text-align: justify;\">\n<li style=\"font-weight: 400;\"><span style=\"font-weight: 400;\">az \u00e9p\u00fclet k\u00fcls\u0151 fal\u00e1val p\u00e1rhuzamos \u00e1llv\u00e1nyokat k\u00f6zleked\u00e9si folyos\u00f3 v\u00e1lassza el a falt\u00f3l;<\/span><\/li>\n<li style=\"font-weight: 400;\"><span style=\"font-weight: 400;\">az \u00e9p\u00fclet k\u00fcls\u0151 fal\u00e1ra mer\u0151legesen elhelyezett \u00e1llv\u00e1nyokat legal\u00e1bb akkora t\u00e9rk\u00f6z v\u00e1lassza el a falt\u00f3l, amely m\u00e9g megfelel\u0151en takar\u00edthat\u00f3;<\/span><\/li>\n<li style=\"font-weight: 400;\"><span style=\"font-weight: 400;\">a v\u00e1laszfalak melletti \u00e1llv\u00e1nyokon l\u00e9v\u0151 iratt\u00e1ri egys\u00e9gek a fallal ne \u00e9rintkezzenek, att\u00f3l legal\u00e1bb 15 cm t\u00e1vols\u00e1gra legyenek.<\/span><\/li>\n<\/ul>\n<p style=\"text-align: justify;\"><span style=\"font-weight: 400;\">Ha az iratt\u00e1rhelyis\u00e9g m\u00e9rete ezt indokolja, az \u00e1llv\u00e1nyp\u00e1rokat \u2014 t\u0171zv\u00e9delmi okokb\u00f3l \u2014 \u00f6t\u00f6s, hatos szakaszonk\u00e9nt szil\u00e1rd f\u00e9mlappal kell elv\u00e1lasztani egym\u00e1st\u00f3l.<\/span><\/p>\n<p style=\"text-align: justify;\"><span style=\"font-weight: 400;\">A t\u00f6m\u00f6r \u00e1llv\u00e1nyok mozgat\u00e1s\u00e1t \u00fagy kell megoldani, hogy se az iratt\u00e1ri anyag, se a kezel\u0151szem\u00e9lyzet ne s\u00e9r\u00fclhessen meg. A m\u0171k\u00f6dtet\u00e9s m\u00f3dszere, sebess\u00e9ge \u2014 bele\u00e9rtve a gyors\u00edt\u00e1st \u00e9s a f\u00e9kez\u00e9st is \u2014 olyan legyen, hogy az iratt\u00e1ri egys\u00e9gek ne cs\u00faszhassanak meg, \u00e9s ne eshessenek le a polcokr\u00f3l.<\/span><\/p>\n<p style=\"text-align: justify;\"><span style=\"font-weight: 400;\">A polcokr\u00f3l leemelt iratt\u00e1ri egys\u00e9gek biztons\u00e1gos kezel\u00e9s\u00e9hez k\u00f6nnyen el\u00e9rhet\u0151 t\u00e1vols\u00e1gban alkalmas lerak\u00f3 fel\u00fcletet kell biztos\u00edtani (pl.: munkaasztalt, az \u00e1llv\u00e1nyzatba \u00e9p\u00edtett \u2014 kih\u00fazhat\u00f3 vagy lehajthat\u00f3 \u2014 munkalapot vagy e c\u00e9lra rendszeres\u00edtett iratt\u00e1ri kocsit).<\/span><\/p>\n<p style=\"text-align: justify;\"><span style=\"font-weight: 400;\">R\u00e9gi kialak\u00edt\u00e1s\u00fa, fa\u00e1llv\u00e1nyokkal berendezett iratt\u00e1r eset\u00e9ben \u00e9vente legal\u00e1bb egyszer ellen\u0151rizni kell a fa \u00e1llapot\u00e1t, az \u00e1llv\u00e1nyok szil\u00e1rds\u00e1g\u00e1t, teherb\u00edr\u00f3 k\u00e9pess\u00e9g\u00e9t, \u00e9s gondoskodni kell a fa\u00e1llv\u00e1nyzat haszn\u00e1lat\u00e1val egy\u00fctt j\u00e1r\u00f3 kock\u00e1zatok (t\u0171zvesz\u00e9ly, szuvasod\u00e1s vesz\u00e9lye) cs\u00f6kkent\u00e9s\u00e9r\u0151l.\u00a0<\/span><\/p>\n<p style=\"text-align: justify;\"><b>2. T\u00e1rol\u00f3szekr\u00e9nyek<\/b><\/p>\n<p style=\"text-align: justify;\"><span style=\"font-weight: 400;\">A t\u00e9rk\u00e9pek, tervrajzok \u00e9s egy\u00e9b, nagy m\u00e9ret\u0171 dokumentumok, valamint a filmek \u00e9s f\u00e9nyk\u00e9pek t\u00e1rol\u00e1s\u00e1ra \u00e1ltal\u00e1ban a f\u00e9mb\u0151l k\u00e9sz\u00fclt, kalap\u00e1cslakkal vagy \u00e9getett zom\u00e1nccal bevont \u2014 a filmek \u00e9s a f\u00e9nyk\u00e9pek eset\u00e9ben csak az ut\u00f3bbi bevonattal ell\u00e1tott \u2014 fi\u00f3kos szekr\u00e9nyek a legalkalmasabbak. (A f\u00e1b\u00f3l k\u00e9sz\u00fclt szekr\u00e9nyekben filmeket \u00e9s f\u00e9nyk\u00e9peket ne t\u00e1roljunk.)<\/span><\/p>\n<p style=\"text-align: justify;\"><span style=\"font-weight: 400;\">F\u00fcggetlen\u00fcl att\u00f3l, hogy milyen dokumentum t\u00e1rol\u00e1s\u00e1ra haszn\u00e1lj\u00e1k, a fi\u00f3kos szekr\u00e9ny:<\/span><\/p>\n<ul style=\"text-align: justify;\">\n<li style=\"font-weight: 400;\"><span style=\"font-weight: 400;\">140 cm\u2010n\u00e9l lehet\u0151leg ne legyen magasabb;<\/span><\/li>\n<li style=\"font-weight: 400;\"><span style=\"font-weight: 400;\">egyn\u00e9l t\u00f6bb fi\u00f3kj\u00e1t egyszerre ne lehessen kih\u00fazni,<\/span><\/li>\n<li style=\"font-weight: 400;\"><span style=\"font-weight: 400;\">als\u00f3 fi\u00f3kja legyen legal\u00e1bb 15 cm\u2010re a padl\u00f3szintt\u0151l;<\/span><\/li>\n<li style=\"font-weight: 400;\"><span style=\"font-weight: 400;\">kezel\u00e9se \u00e9s a fi\u00f3kok mozgat\u00e1sa k\u00f6nny\u0171 legyen;<\/span><\/li>\n<li style=\"font-weight: 400;\"><span style=\"font-weight: 400;\">fi\u00f3kjai j\u00f3l z\u00e1r\u00f3djanak, \u00e9s nyit\u00e1skor ne tudjanak lebillenni.<\/span><\/li>\n<\/ul>\n<p style=\"text-align: justify;\"><span style=\"font-weight: 400;\">Az el\u0151z\u0151 bekezd\u00e9sben foglaltakon t\u00falmen\u0151en a t\u00e9rk\u00e9pek \u00e9s tervrajzok t\u00e1rol\u00e1s\u00e1ra haszn\u00e1lt szekr\u00e9nyek fi\u00f3kjai legyenek laposak, a r\u00f6videbb sz\u00e9l\u00fck ment\u00e9n mozogjanak \u00e9s rendelkezzenek leszor\u00edt\u00f3 lappal, hogy az iratok ne cs\u00faszk\u00e1lhassanak benn\u00fck.<\/span><\/p>\n<p style=\"text-align: justify;\"><b>3. Iratt\u00e1ri kocsik:<\/b><\/p>\n<p style=\"text-align: justify;\"><span style=\"font-weight: 400;\">Az iratt\u00e1ri berendez\u00e9s n\u00e9lk\u00fcl\u00f6zhetetlen kell\u00e9kei a maximum 1 iratfoly\u00f3m\u00e9ter mennyis\u00e9g\u0171 iratt\u00e1ri anyag \u00e9p\u00fcleten bel\u00fcli sz\u00e1ll\u00edt\u00e1s\u00e1ra alkalmas, gumikerekeken g\u00f6rd\u00fcl\u0151, k\u00f6nnyen kezelhet\u0151 iratt\u00e1ri kocsik.<\/span><\/p>\n<p style=\"text-align: justify;\"><span style=\"font-weight: 400;\">Az iratt\u00e1ri kocsi:<\/span><\/p>\n<ul style=\"text-align: justify;\">\n<li style=\"font-weight: 400;\"><span style=\"font-weight: 400;\">m\u00e9rete \u00e9s form\u00e1ja tegye lehet\u0151v\u00e9 a rajta sz\u00e1ll\u00edtott dokumentumok teljes fel\u00fclet\u0171 al\u00e1t\u00e1maszt\u00e1s\u00e1t;<\/span><\/li>\n<li style=\"font-weight: 400;\"><span style=\"font-weight: 400;\">legyen felszerelve r\u00f6gz\u00edt\u0151 f\u00e9kkel;<\/span><\/li>\n<li style=\"font-weight: 400;\"><span style=\"font-weight: 400;\">ne tartalmazzon kett\u0151n\u00e9l t\u00f6bb polcot.<\/span><\/li>\n<\/ul>\n<p style=\"text-align: justify;\"><span style=\"font-weight: 400;\">Az iratt\u00e1ri kocsinak legyen pereme abban az esetben, ha a sz\u00e1ll\u00edt\u00e1s \u00fatvonal\u00e1n szintk\u00fcl\u00f6nbs\u00e9g van, illetve akkor, ha kis m\u00e9ret\u0171 dokumentumok (pl. mikrofilmek) sz\u00e1ll\u00edt\u00e1s\u00e1ra haszn\u00e1lj\u00e1k.<\/span><\/p>\n<p style=\"text-align: justify;\"><span style=\"font-weight: 400;\">A tekercselt lapok sz\u00e1ll\u00edt\u00e1s\u00e1hoz hossz\u00fa, homor\u00fa fel\u00fclet\u0171 kocsira van sz\u00fcks\u00e9g.<\/span><\/p>\n<p style=\"text-align: justify;\"><span style=\"font-weight: 400;\">A nagy m\u00e9ret\u0171 iratt\u00e1ri egys\u00e9gek (pl. t\u00e9k\u00e1ba helyezett t\u00e9rk\u00e9pek, terv\u2010rajzok) \u00e1ll\u00f3 helyzet\u0171 sz\u00e1ll\u00edt\u00e1s\u00e1ra szolg\u00e1l\u00f3 iratt\u00e1ri kocsik legyenek alacsony kivitel\u0171ek \u00e9s oldallappal felszereltek.<\/span><\/p>\n<p style=\"text-align: justify;\"><b>4. Az iratt\u00e1rkl\u00edma \u00e9s az iratt\u00e1r vil\u00e1g\u00edt\u00e1s ellen\u0151rz\u00e9s\u00e9re szolg\u00e1l\u00f3 m\u0171szerek:<\/b><\/p>\n<p style=\"text-align: justify;\"><span style=\"font-weight: 400;\">Az iratt\u00e1ri anyag sz\u00e1m\u00e1ra kedvez\u0151, stabil iratt\u00e1rkl\u00edma biztos\u00edt\u00e1sa a relat\u00edv p\u00e1ratartalom \u00e9s a h\u0151m\u00e9rs\u00e9klet rendszeres ellen\u0151rz\u00e9s\u00e9t \u00e9s a m\u00e9rt adatok regisztr\u00e1l\u00e1s\u00e1t ig\u00e9nyli. Ez\u00e9rt az iratt\u00e1raknak rendelkezni\u00fck kell a relat\u00edv p\u00e1ratartalom \u00e9s a h\u0151m\u00e9rs\u00e9klet m\u00e9r\u00e9s\u00e9re alkalmas m\u0171szerekkel.<\/span><\/p>\n<p style=\"text-align: justify;\"><span style=\"font-weight: 400;\">A relat\u00edv p\u00e1ratartalom m\u00e9r\u00e9s\u00e9re szolg\u00e1l\u00f3 eszk\u00f6z\u00f6k: a hordozhat\u00f3, hiteles\u00edt\u00e9st (kalibr\u00e1l\u00e1st) nem ig\u00e9nyl\u0151, motoros vagy forg\u00f3 pszichrom\u00e9terek, valamint az iratt\u00e1rakba kihelyezett, \u00e1ltal\u00e1ban havonk\u00e9nti kalibr\u00e1l\u00e1st ig\u00e9nyl\u0151 higrom\u00e9terek \u00e9s a m\u00e9rt adatok regisztr\u00e1l\u00e1s\u00e1t is elv\u00e9gz\u0151 higrogr\u00e1fok, illetve a h\u0151m\u00e9rs\u00e9klet m\u00e9r\u00e9s\u00e9re is alkalmas termo\u2010higrom\u00e9terek \u00e9s termohigrogr\u00e1fok. A higrom\u00e9terek, higrogr\u00e1fok, illetve a termohigrom\u00e9terek \u00e9s termohigrogr\u00e1fok kalibr\u00e1l\u00e1sa a pszichrom\u00e9terrel v\u00e9gezhet\u0151 el. A h\u0151m\u00e9rs\u00e9klet m\u00e9r\u00e9s\u00e9re egy\u00e9bk\u00e9nt a minimum\u2010maximum \u00e9rt\u00e9kekkel rendelkez\u0151 h\u0151m\u00e9r\u0151 (termom\u00e9ter) is megfelel.<\/span><\/p>\n<p style=\"text-align: justify;\"><span style=\"font-weight: 400;\">A p\u00e1ram\u00e9r\u0151k \u00e9s a h\u0151m\u00e9r\u0151k beszerz\u00e9s\u00e9hez \u00e9s iratt\u00e1ri elhelyez\u00e9s\u00e9hez szak\u00e9rt\u0151 seg\u00edts\u00e9g\u00e9t c\u00e9lszer\u0171 ig\u00e9nybe venni.<\/span><\/p>\n<p style=\"text-align: justify;\"><span style=\"font-weight: 400;\">A szil\u00e1rd \u00e9s a g\u00e1z halmaz\u00e1llapot\u00fa l\u00e9gszennyez\u0151k min\u0151s\u00e9g\u00e9nek \u00e9s mennyis\u00e9g\u00e9nek m\u00e9r\u00e9s\u00e9re \u00e9s regisztr\u00e1l\u00e1s\u00e1ra nem \u00e1llnak rendelkez\u00e9sre olyan egyszer\u0171 eszk\u00f6z\u00f6k, mint a h\u0151m\u00e9rs\u00e9klet vagy a relat\u00edv p\u00e1ratartalom ellen\u0151rz\u00e9se eset\u00e9ben. A l\u00e9gszennyezetts\u00e9g m\u00e9r\u00e9s\u00e9vel \u00f6t\u00e9venk\u00e9nt legal\u00e1bb egyszer, erre szakosodott laborat\u00f3riumot vagy szakembert kell megb\u00edzni.<\/span><\/p>\n<p style=\"text-align: justify;\"><span style=\"font-weight: 400;\">Az iratt\u00e1ri vil\u00e1g\u00edt\u00e1si rendszer\u00e9nek felszerel\u00e9sekor a megvil\u00e1g\u00edt\u00e1s m\u00e9rt\u00e9k\u00e9t \u00e9s az UV\u2010sug\u00e1rz\u00e1st az iratt\u00e1rakban \u00e9s minden olyan helys\u00e9gben, ahol iratt\u00e1ri anyagot \u00e1tmenetileg \u0151riznek vagy haszn\u00e1lnak, meg kell m\u00e9rni. A vil\u00e1g\u00edt\u00f3testek \u00e1ltal\u00e1nos cser\u00e9je eset\u00e9n a m\u00e9r\u00e9st meg kell ism\u00e9telni. J\u00f3, ha a nagyobb iratt\u00e1rak rendelkeznek a m\u00e9r\u00e9sek elv\u00e9gz\u00e9s\u00e9hez sz\u00fcks\u00e9ges digit\u00e1lis luxm\u00e9r\u0151vel \u00e9s UV\u2010m\u00e9r\u0151vel, de a m\u00e9r\u00e9sek k\u00fcls\u0151 szak\u00e9rt\u0151vel is elv\u00e9geztethet\u0151k.\u00a0<\/span><\/p>\n<h3 style=\"text-align: justify;\"><b>K\u00f6rnyezeti stabilit\u00e1s\u00a0<\/b><\/h3>\n<ul style=\"text-align: justify;\">\n<li style=\"font-weight: 400;\"><span style=\"font-weight: 400;\">A l\u00e9gkondicion\u00e1l\u00f3 berendez\u00e9ssel felszerelt \u00e9p\u00fcletet is olyan h\u0151szigetel\u00e9ssel kell ell\u00e1tni, amely legal\u00e1bb 24 \u00f3r\u00e1n kereszt\u00fcl k\u00e9pes biztos\u00edtani a h\u0151m\u00e9rs\u00e9klet \u00e9s a relat\u00edv l\u00e9gnedvess\u00e9g stabilit\u00e1s\u00e1t.\u00a0<\/span><\/li>\n<li style=\"font-weight: 400;\"><span style=\"font-weight: 400;\">Az \u00e9p\u00fclet l\u00e9gszigetelts\u00e9ge akkor megfelel\u0151, ha a term\u00e9szetes l\u00e9gcsere m\u00e9rt\u00e9ke az \u00faj \u00e9p\u00fcletekn\u00e9l a napi egy\u2010k\u00e9t, az adapt\u00e1lt \u00e9p\u00fcletekn\u00e9l pedig a h\u00e1rom\u2010n\u00e9gy l\u00e9gcser\u00e9t nem haladja meg.\u00a0<\/span><\/li>\n<li style=\"font-weight: 400;\"><span style=\"font-weight: 400;\">A k\u00f6rnyezeti \u00e1lland\u00f3s\u00e1g \u00e9rdek\u00e9ben a jelent\u0151sen elt\u00e9r\u0151 kl\u00edm\u00e1j\u00fa helyis\u00e9geket egym\u00e1st\u00f3l ajt\u00f3kkal, lez\u00e1rt terekkel (zsilipekkel) kell elszigetelni.\u00a0<\/span><\/li>\n<li style=\"font-weight: 400;\"><span style=\"font-weight: 400;\">\u00daj \u00e9p\u00fcletek, helyis\u00e9gek haszn\u00e1latbav\u00e9tele el\u0151tt meg kell v\u00e1rni a bels\u0151 k\u00f6rnyezeti viszonyok stabiliz\u00e1l\u00f3d\u00e1s\u00e1t (aj\u00e1nlott id\u0151: egy\u2010k\u00e9t h\u00f3nap).\u00a0<\/span><\/li>\n<\/ul>\n<h3 style=\"text-align: justify;\"><b>V\u00e9delmi szempontok\u00a0<\/b><\/h3>\n<ul style=\"text-align: justify;\">\n<li style=\"font-weight: 400;\"><span style=\"font-weight: 400;\">A tervez\u00e9s sor\u00e1n a vagyonv\u00e9delemre \u00e9s a t\u0171zv\u00e9delemre vonatkoz\u00f3 jogszab\u00e1lyi el\u0151\u00edr\u00e1sokon t\u00falmen\u0151en figyelembe kell venni a v\u00edzk\u00e1rok, valamint a r\u00e1gcs\u00e1l\u00f3k \u00e9s rovarok elleni v\u00e9dekez\u00e9s szempontjait is.\u00a0<\/span><\/li>\n<li style=\"font-weight: 400;\"><span style=\"font-weight: 400;\">Az \u00e9p\u00fclet padozata, f\u00f6ldfelsz\u00edn alatti szintek eset\u00e9ben az oldalfalak is legyenek v\u00edzz\u00e1r\u00f3ak. Ha a v\u00edzbet\u00f6r\u00e9s lehet\u0151s\u00e9g\u00e9t teljesen nem lehet kiz\u00e1rni (\u00e1rv\u00edz, belv\u00edz, utcai f\u0151nyom\u00f3cs\u0151 k\u00f6zels\u00e9ge stb.), az iratt\u00e1rakban biztos\u00edtani kell a v\u00edzelvezet\u00e9st.\u00a0<\/span><\/li>\n<li style=\"font-weight: 400;\"><span style=\"font-weight: 400;\">A huzalok, vezet\u00e9kek be\u2010 \u00e9s kivezet\u00e9si pontjait \u00fagy kell t\u00f6m\u00edteni, hogy azok ment\u00e9n rovarok \u00e9s r\u00e1gcs\u00e1l\u00f3k ne juthassanak be az \u00e9p\u00fcletbe, illetve az iratt\u00e1rakba. A szell\u0151z\u0151ny\u00edl\u00e1sokat h\u00e1l\u00f3val vagy sz\u0171r\u0151vel kell ell\u00e1tni. \u00c1lmennyezetek alkalmaz\u00e1s\u00e1t ker\u00fclni kell, mert az elfedett, ellen\u0151rizetlen terek \u00e1lland\u00f3 vesz\u00e9lyforr\u00e1st jelentenek.\u00a0<\/span><\/li>\n<\/ul>\n<h3 style=\"text-align: justify;\"><b>A megel\u0151z\u0151 \u00e1llom\u00e1nyv\u00e9delmi tev\u00e9kenys\u00e9g megszervez\u00e9se \u00e9s folyamatos v\u00e9gz\u00e9se<\/b><\/h3>\n<p style=\"text-align: justify;\"><span style=\"font-weight: 400;\">A k\u00e9pz\u00e9si \u00e9s tov\u00e1bbk\u00e9pz\u00e9si lehet\u0151s\u00e9gek biztos\u00edt\u00e1s\u00e1val, gondoskodni kell arr\u00f3l, hogy az iratkezel\u0151k \u00e9s iratt\u00e1rosok az alapvet\u0151 \u00e1llom\u00e1nyv\u00e9delmi ismeretek birtok\u00e1ban, azt hasznos\u00edtva v\u00e9gezz\u00e9k napi tev\u00e9kenys\u00e9g\u00fcket.\u00a0<\/span><\/p>\n<p style=\"text-align: justify;\"><span style=\"font-weight: 400;\">Az iratt\u00e1ri anyag \u00e9ps\u00e9g\u00e9t vesz\u00e9lyeztet\u0151 esem\u00e9nyek (pl. \u00e9p\u00fclet be\u00e1z\u00e1sa, a falak \u00e1tnedvesed\u00e9se, az elektromos vezet\u00e9kek \u00e9s berendez\u00e9sek hib\u00e1j\u00e1b\u00f3l sz\u00e1rmaz\u00f3 t\u0171zeset, rovarinv\u00e1zi\u00f3 stb.) megel\u0151z\u00e9se \u00e9rdek\u00e9ben kiemelt figyelmet kell ford\u00edtani az iratt\u00e1ri \u00e9p\u00fclet m\u0171szaki \u00e1llapot\u00e1nak \u00e1lland\u00f3 ellen\u0151rz\u00e9s\u00e9re \u00e9s karbantart\u00e1s\u00e1ra.<\/span><\/p>\n<p style=\"text-align: justify;\"><span style=\"font-weight: 400;\">A iratt\u00e1ri anyagra vesz\u00e9lyes r\u00e1gcs\u00e1l\u00f3k \u00e9s rovarok elleni v\u00e9dekez\u00e9s r\u00e9szek\u00e9nt:<\/span><\/p>\n<ul style=\"text-align: justify;\">\n<li style=\"font-weight: 400;\"><span style=\"font-weight: 400;\">az iratt\u00e1ri \u00e9p\u00fcletet \u00e9s annak k\u00f6rnyezet\u00e9t tiszt\u00e1n kell tartani, a szem\u00e9tt\u00e1rol\u00f3 ed\u00e9nyeket fed\u00e9llel ell\u00e1tva, az \u00e9p\u00fclett\u0151l t\u00e1vol kell tartani;\u00a0<\/span><\/li>\n<li style=\"font-weight: 400;\"><span style=\"font-weight: 400;\">\u00fcgyelni kell arra, hogy az iratt\u00e1ri \u00e9p\u00fclet k\u00f6zvetlen k\u00f6zel\u00e9ben ne legyenek f\u00e1k \u00e9s bokrok;\u00a0<\/span><\/li>\n<li style=\"font-weight: 400;\"><span style=\"font-weight: 400;\">ki kell z\u00e1rni annak lehet\u0151s\u00e9g\u00e9t, hogy az iratt\u00e1rakba \u00e9s minden olyan helyis\u00e9gbe, ahol iratt\u00e1ri anyagot \u00e1tmenetileg t\u00e1rolnak vagy haszn\u00e1lnak, \u00e9lelmiszer, tov\u00e1bb\u00e1 cserepes n\u00f6v\u00e9ny vagy v\u00e1gott vir\u00e1g ker\u00fclhessen.\u00a0<\/span><\/li>\n<\/ul>\n<p style=\"text-align: justify;\"><span style=\"font-weight: 400;\">A megel\u0151z\u0151 \u00e1llom\u00e1nyv\u00e9delmi tev\u00e9kenys\u00e9get a iratt\u00e1ri anyag eg\u00e9sz\u00e9re kiterjed\u0151 \u00e1llapotfelm\u00e9r\u00e9s \u00e9s az ehhez kapcsol\u00f3d\u00f3 \u2014 t\u00f6bb \u00e9vre sz\u00f3l\u00f3 \u2014 \u00e1llom\u00e1nyv\u00e9delmi terv alapj\u00e1n kell megszervezni.\u00a0<\/span><\/p>\n<p style=\"text-align: justify;\"><span style=\"font-weight: 400;\">Az \u00e1llom\u00e1nyv\u00e9delmi terv alapj\u00e1n, el\u0151re meghat\u00e1rozott rendszeress\u00e9ggel kell v\u00e9gezni:<\/span><\/p>\n<ul style=\"text-align: justify;\">\n<li style=\"font-weight: 400;\"><span style=\"font-weight: 400;\">az iratt\u00e1ri anyag portalan\u00edt\u00e1s\u00e1t;\u00a0<\/span><\/li>\n<li style=\"font-weight: 400;\"><span style=\"font-weight: 400;\">az iratt\u00e1ri anyag \u00e1llapot\u00e1nak ellen\u0151rz\u00e9s\u00e9t (megfigyel\u00e9s\u00e9t, tanulm\u00e1nyoz\u00e1s\u00e1t);\u00a0<\/span><\/li>\n<li style=\"font-weight: 400;\"><span style=\"font-weight: 400;\">a t\u00e1rol\u00f3eszk\u00f6z\u00f6k \u00e9s a v\u00e9d\u0151bor\u00edt\u00f3k sz\u00fcks\u00e9ges cser\u00e9j\u00e9t;\u00a0<\/span><\/li>\n<li style=\"font-weight: 400;\"><span style=\"font-weight: 400;\">az iratt\u00e1ri anyag biztons\u00e1gi c\u00e9l\u00fa lem\u00e1sol\u00e1s\u00e1t \u00e9s ennek el\u0151k\u00e9sz\u00edt\u00e9s\u00e9t;\u00a0<\/span><\/li>\n<li style=\"font-weight: 400;\"><span style=\"font-weight: 400;\">a haszn\u00e1lati c\u00e9l\u00fa m\u00e1solatok elk\u00e9sz\u00edt\u00e9s\u00e9t;\u00a0<\/span><\/li>\n<li style=\"font-weight: 400;\"><span style=\"font-weight: 400;\">a k\u00e1rosodott dokumentumok konzerv\u00e1l\u00e1s\u00e1t, restaur\u00e1l\u00e1s\u00e1t;\u00a0<\/span><\/li>\n<li style=\"font-weight: 400;\"><span style=\"font-weight: 400;\">a k\u00e9p\u2010 \u00e9s hangfelv\u00e9telek, valamint a sz\u00e1m\u00edt\u00e1stechnikai adathordoz\u00f3k karbantart\u00e1s\u00e1t \u00e9s \u00e1tm\u00e1sol\u00e1s\u00e1t.\u00a0<\/span><\/li>\n<\/ul>\n<p style=\"text-align: justify;\"><span style=\"font-weight: 400;\">Ki kell alak\u00edtani az el\u0151z\u0151 bekezd\u00e9sben felsorolt feladatok dokument\u00e1l\u00e1s\u00e1nak rendj\u00e9t, valamint a dokument\u00e1ci\u00f3 meg\u0151rz\u00e9s\u00e9nek \u00e9s id\u0151szakonk\u00e9nti \u00e9rt\u00e9kel\u00e9s\u00e9nek, elemz\u00e9s\u00e9nek gyakorlat\u00e1t.\u00a0<\/span><\/p>\n<p style=\"text-align: justify;\"><span style=\"font-weight: 400;\">Soron k\u00edv\u00fcl kell int\u00e9zkedni a r\u00e1gcs\u00e1l\u00f3k, rovarok \u00e9s mikroorganizmusok \u00e1ltal megt\u00e1madott fert\u0151z\u00f6tt dokumentumok megfelel\u0151 kezel\u00e9s\u00e9r\u0151l, illetve a iratt\u00e1ri anyagot \u00e9rt egy\u00e9b, s\u00falyos k\u00e1rosod\u00e1sok (pl. el\u00e1z\u00e1s) k\u00f6vetkezm\u00e9nyeinek enyh\u00edt\u00e9s\u00e9r\u0151l.\u00a0<\/span><\/p>\n<p style=\"text-align: justify;\"><span style=\"font-weight: 400;\">A speci\u00e1lis felszerelts\u00e9get ig\u00e9nyl\u0151, nagyobb volumen\u0171 munk\u00e1latok (iratk\u00f6lt\u00f6ztet\u00e9s, iratfert\u0151tlen\u00edt\u00e9s, konzerv\u00e1l\u00e1s, restaur\u00e1l\u00e1s stb.) elv\u00e9gz\u00e9s\u00e9vel megfelel\u0151 garanci\u00e1kkal rendelkez\u0151, az iratt\u00e1ri anyag kezel\u00e9s\u00e9nek k\u00f6vetelm\u00e9nyeit ismer\u0151, a sz\u00fcks\u00e9ges eszk\u00f6z\u00f6kkel b\u00edr\u00f3 k\u00fcls\u0151 c\u00e9get lehet csak megb\u00edzni. A szolg\u00e1ltat\u00f3val k\u00f6t\u00f6tt \u00edr\u00e1sos meg\u00e1llapod\u00e1snak az iratt\u00e1ri anyag \u00e9ps\u00e9g\u00e9t \u00e9s biztons\u00e1g\u00e1t \u00e9rint\u0151 minden l\u00e9nyeges k\u00e9rd\u00e9sre ki kell t\u00e9rnie. <\/span><\/p>\n<p>[\/et_pb_text][\/et_pb_column][\/et_pb_row][\/et_pb_section][et_pb_section fb_built=&#8221;1&#8243; fullwidth=&#8221;on&#8221; admin_label=&#8221;Header&#8221; _builder_version=&#8221;4.16&#8243; background_image=&#8221;https:\/\/www.dwsdigital.hu\/wp-content\/uploads\/2020\/11\/web-dev-03.png&#8221; parallax=&#8221;on&#8221; animation_style=&#8221;fade&#8221; locked=&#8221;off&#8221; global_colors_info=&#8221;{}&#8221;][et_pb_fullwidth_header title=&#8221;K\u00e9szen \u00e1ll a projekt ind\u00edt\u00e1s\u00e1ra?&#8221; subhead=&#8221;ingyenes felm\u00e9r\u00e9s&#8221; text_orientation=&#8221;center&#8221; button_one_text=&#8221;L\u00e9pjen kapcsolatba vel\u00fcnk&#8221; button_one_url=&#8221;@ET-DC@eyJkeW5hbWljIjp0cnVlLCJjb250ZW50IjoicG9zdF9saW5rX3VybF9wYWdlIiwic2V0dGluZ3MiOnsicG9zdF9pZCI6IjE3OCJ9fQ==@&#8221; _builder_version=&#8221;4.16&#8243; _dynamic_attributes=&#8221;button_one_url&#8221; title_level=&#8221;h2&#8243; title_font=&#8221;Lato|900|||||||&#8221; title_font_size=&#8221;50px&#8221; title_line_height=&#8221;1.5em&#8221; content_font=&#8221;||||||||&#8221; content_font_size=&#8221;16px&#8221; content_line_height=&#8221;2em&#8221; subhead_font=&#8221;|700||on|||||&#8221; subhead_font_size=&#8221;14px&#8221; subhead_letter_spacing=&#8221;2px&#8221; background_color=&#8221;rgba(0,0,0,0)&#8221; custom_button_one=&#8221;on&#8221; button_one_text_size=&#8221;14px&#8221; button_one_text_color=&#8221;#ffffff&#8221; button_one_bg_color=&#8221;#0054ff&#8221; button_one_border_width=&#8221;14px&#8221; button_one_border_color=&#8221;rgba(0,0,0,0)&#8221; button_one_border_radius=&#8221;0px&#8221; button_one_letter_spacing=&#8221;2px&#8221; button_one_font=&#8221;|600||on|||||&#8221; button_one_icon=&#8221;&#x39;||divi||400&#8243; button_one_on_hover=&#8221;off&#8221; custom_button_two=&#8221;on&#8221; button_two_text_size=&#8221;14px&#8221; button_two_text_color=&#8221;#0054ff&#8221; button_two_bg_color=&#8221;rgba(255,255,255,0)&#8221; button_two_border_width=&#8221;12px&#8221; button_two_border_color=&#8221;rgba(0,0,0,0)&#8221; button_two_border_radius=&#8221;0px&#8221; button_two_letter_spacing=&#8221;2px&#8221; button_two_font=&#8221;|600||on|||||&#8221; button_two_icon=&#8221;&#x39;||divi||400&#8243; button_two_on_hover=&#8221;off&#8221; background_layout=&#8221;light&#8221; custom_margin=&#8221;|||&#8221; custom_padding=&#8221;6vw|||&#8221; animation_style=&#8221;zoom&#8221; animation_intensity_zoom=&#8221;-5%&#8221; title_font_size_tablet=&#8221;40px&#8221; title_font_size_phone=&#8221;25px&#8221; title_font_size_last_edited=&#8221;on|tablet&#8221; box_shadow_style_button_two=&#8221;preset1&#8243; box_shadow_vertical_button_two=&#8221;0px&#8221; box_shadow_blur_button_two=&#8221;0px&#8221; box_shadow_spread_button_two=&#8221;2px&#8221; box_shadow_color_button_two=&#8221;#0054ff&#8221; button_one_letter_spacing_hover=&#8221;2px&#8221; button_two_letter_spacing_hover=&#8221;2px&#8221; global_colors_info=&#8221;{}&#8221; button_one_text_size__hover_enabled=&#8221;off&#8221; button_two_text_size__hover_enabled=&#8221;off&#8221; button_one_text_color__hover_enabled=&#8221;off&#8221; button_two_text_color__hover_enabled=&#8221;off&#8221; button_one_border_width__hover_enabled=&#8221;off&#8221; button_two_border_width__hover_enabled=&#8221;off&#8221; button_one_border_color__hover_enabled=&#8221;off&#8221; button_two_border_color__hover_enabled=&#8221;off&#8221; button_one_border_radius__hover_enabled=&#8221;off&#8221; button_two_border_radius__hover_enabled=&#8221;off&#8221; button_one_letter_spacing__hover_enabled=&#8221;on&#8221; button_one_letter_spacing__hover=&#8221;2px&#8221; button_two_letter_spacing__hover_enabled=&#8221;on&#8221; button_two_letter_spacing__hover=&#8221;2px&#8221; button_one_bg_color__hover_enabled=&#8221;off&#8221; button_two_bg_color__hover_enabled=&#8221;off&#8221;][\/et_pb_fullwidth_header][et_pb_fullwidth_image src=&#8221;https:\/\/www.dwsdigital.hu\/wp-content\/uploads\/2021\/01\/Web6.png&#8221; title_text=&#8221;Web6&#8243; _builder_version=&#8221;4.16&#8243; custom_margin=&#8221;-10%|||&#8221; animation_style=&#8221;zoom&#8221; animation_direction=&#8221;bottom&#8221; animation_duration=&#8221;1400ms&#8221; animation_intensity_zoom=&#8221;5%&#8221; global_colors_info=&#8221;{}&#8221;][\/et_pb_fullwidth_image][\/et_pb_section]<\/p>\n","protected":false},"excerpt":{"rendered":"<p>Az iratmeg\u0151rz\u00e9s szab\u00e1lyaiIratainkat t\u00e1rolhatjuk irod\u00e1ban, saj\u00e1t telephely\u00fcnk\u00f6n, b\u00e9relt rakt\u00e1rban vagy iratt\u00e1ri szolg\u00e1ltat\u00f3n\u00e1l. Az iratok t\u00e1rol\u00e1s\u00e1nak id\u0151tartam\u00e1t azonban minden esetben sz\u00fcks\u00e9ges meghat\u00e1rozni, valamint az iratt\u00e1rat karbantartani, azaz az iratt\u00e1ri anyagokat \u00e9vente selejtezni. A jogszer\u0171 meg\u0151rz\u00e9si id\u0151tartam meg\u00e1llap\u00edt\u00e1s\u00e1ban, a megfelel\u0151 selejtez\u00e9si elj\u00e1r\u00e1s kidolgoz\u00e1sban, vagy ak\u00e1r a selejtez\u00e9sben is \u00e1llunk Partnereink rendelkez\u00e9s\u00e9re. Az iratt\u00e1ri nyilv\u00e1ntart\u00e1s, \u00e9s meg\u0151rz\u00e9si rend [&hellip;]<\/p>\n","protected":false},"author":1,"featured_media":0,"parent":0,"menu_order":0,"comment_status":"closed","ping_status":"closed","template":"","meta":{"_et_pb_use_builder":"on","_et_pb_old_content":"","_et_gb_content_width":"","_monsterinsights_skip_tracking":false,"_monsterinsights_sitenote_active":false,"_monsterinsights_sitenote_note":"","_monsterinsights_sitenote_category":0,"footnotes":""},"class_list":["post-766","page","type-page","status-publish","hentry"],"yoast_head":"<!-- This site is optimized with the Yoast SEO plugin v27.5 - https:\/\/yoast.com\/product\/yoast-seo-wordpress\/ -->\n<title>Mit kell tudni az iratkezel\u00e9sr\u0151l?<\/title>\n<meta name=\"description\" content=\"Digit\u00e1lis iratok alkalmaz\u00e1sa mellett is gyakran van sz\u00fcks\u00e9g a pap\u00edralap\u00fa dokumentumok t\u00e1rol\u00e1s\u00e1ra, kezel\u00e9s\u00e9re. Ismerje meg ennek szab\u00e1lyait szakmai anyagainkb\u00f3l!\" \/>\n<meta name=\"robots\" content=\"index, follow, max-snippet:-1, max-image-preview:large, max-video-preview:-1\" \/>\n<link rel=\"canonical\" href=\"https:\/\/www.dwsdigital.hu\/en\/szakmai-anyagok-az-iratkezelesrol\/\" \/>\n<meta property=\"og:locale\" content=\"en_GB\" \/>\n<meta property=\"og:type\" content=\"article\" \/>\n<meta property=\"og:title\" content=\"Mit kell tudni az iratkezel\u00e9sr\u0151l?\" \/>\n<meta property=\"og:description\" content=\"Digit\u00e1lis iratok alkalmaz\u00e1sa mellett is gyakran van sz\u00fcks\u00e9g a pap\u00edralap\u00fa dokumentumok t\u00e1rol\u00e1s\u00e1ra, kezel\u00e9s\u00e9re. Ismerje meg ennek szab\u00e1lyait szakmai anyagainkb\u00f3l!\" \/>\n<meta property=\"og:url\" content=\"https:\/\/www.dwsdigital.hu\/en\/szakmai-anyagok-az-iratkezelesrol\/\" \/>\n<meta property=\"og:site_name\" content=\"DWS Digital Kft.\" \/>\n<meta property=\"article:modified_time\" content=\"2023-01-06T18:23:30+00:00\" \/>\n<meta name=\"twitter:card\" content=\"summary_large_image\" \/>\n<meta name=\"twitter:label1\" content=\"Estimated reading time\" \/>\n\t<meta name=\"twitter:data1\" content=\"20 minutes\" \/>\n<script type=\"application\/ld+json\" class=\"yoast-schema-graph\">{\"@context\":\"https:\\\/\\\/schema.org\",\"@graph\":[{\"@type\":\"WebPage\",\"@id\":\"https:\\\/\\\/www.dwsdigital.hu\\\/szakmai-anyagok-az-iratkezelesrol\\\/\",\"url\":\"https:\\\/\\\/www.dwsdigital.hu\\\/szakmai-anyagok-az-iratkezelesrol\\\/\",\"name\":\"Mit kell tudni az iratkezel\u00e9sr\u0151l?\",\"isPartOf\":{\"@id\":\"https:\\\/\\\/www.dwsdigital.hu\\\/#website\"},\"datePublished\":\"2020-12-14T13:24:05+00:00\",\"dateModified\":\"2023-01-06T18:23:30+00:00\",\"description\":\"Digit\u00e1lis iratok alkalmaz\u00e1sa mellett is gyakran van sz\u00fcks\u00e9g a pap\u00edralap\u00fa dokumentumok t\u00e1rol\u00e1s\u00e1ra, kezel\u00e9s\u00e9re. Ismerje meg ennek szab\u00e1lyait szakmai anyagainkb\u00f3l!\",\"breadcrumb\":{\"@id\":\"https:\\\/\\\/www.dwsdigital.hu\\\/szakmai-anyagok-az-iratkezelesrol\\\/#breadcrumb\"},\"inLanguage\":\"en-GB\",\"potentialAction\":[{\"@type\":\"ReadAction\",\"target\":[\"https:\\\/\\\/www.dwsdigital.hu\\\/szakmai-anyagok-az-iratkezelesrol\\\/\"]}]},{\"@type\":\"BreadcrumbList\",\"@id\":\"https:\\\/\\\/www.dwsdigital.hu\\\/szakmai-anyagok-az-iratkezelesrol\\\/#breadcrumb\",\"itemListElement\":[{\"@type\":\"ListItem\",\"position\":1,\"name\":\"Home\",\"item\":\"https:\\\/\\\/www.dwsdigital.hu\\\/\"},{\"@type\":\"ListItem\",\"position\":2,\"name\":\"Iratkezel\u00e9si anyagok\"}]},{\"@type\":\"WebSite\",\"@id\":\"https:\\\/\\\/www.dwsdigital.hu\\\/#website\",\"url\":\"https:\\\/\\\/www.dwsdigital.hu\\\/\",\"name\":\"DWS Digital Kft.\",\"description\":\"Iratdigitaliz\u00e1l\u00e1si megold\u00e1sok\",\"potentialAction\":[{\"@type\":\"SearchAction\",\"target\":{\"@type\":\"EntryPoint\",\"urlTemplate\":\"https:\\\/\\\/www.dwsdigital.hu\\\/?s={search_term_string}\"},\"query-input\":{\"@type\":\"PropertyValueSpecification\",\"valueRequired\":true,\"valueName\":\"search_term_string\"}}],\"inLanguage\":\"en-GB\"}]}<\/script>\n<!-- \/ Yoast SEO plugin. -->","yoast_head_json":{"title":"Mit kell tudni az iratkezel\u00e9sr\u0151l?","description":"Digit\u00e1lis iratok alkalmaz\u00e1sa mellett is gyakran van sz\u00fcks\u00e9g a pap\u00edralap\u00fa dokumentumok t\u00e1rol\u00e1s\u00e1ra, kezel\u00e9s\u00e9re. Ismerje meg ennek szab\u00e1lyait szakmai anyagainkb\u00f3l!","robots":{"index":"index","follow":"follow","max-snippet":"max-snippet:-1","max-image-preview":"max-image-preview:large","max-video-preview":"max-video-preview:-1"},"canonical":"https:\/\/www.dwsdigital.hu\/en\/szakmai-anyagok-az-iratkezelesrol\/","og_locale":"en_GB","og_type":"article","og_title":"Mit kell tudni az iratkezel\u00e9sr\u0151l?","og_description":"Digit\u00e1lis iratok alkalmaz\u00e1sa mellett is gyakran van sz\u00fcks\u00e9g a pap\u00edralap\u00fa dokumentumok t\u00e1rol\u00e1s\u00e1ra, kezel\u00e9s\u00e9re. Ismerje meg ennek szab\u00e1lyait szakmai anyagainkb\u00f3l!","og_url":"https:\/\/www.dwsdigital.hu\/en\/szakmai-anyagok-az-iratkezelesrol\/","og_site_name":"DWS Digital Kft.","article_modified_time":"2023-01-06T18:23:30+00:00","twitter_card":"summary_large_image","twitter_misc":{"Estimated reading time":"20 minutes"},"schema":{"@context":"https:\/\/schema.org","@graph":[{"@type":"WebPage","@id":"https:\/\/www.dwsdigital.hu\/szakmai-anyagok-az-iratkezelesrol\/","url":"https:\/\/www.dwsdigital.hu\/szakmai-anyagok-az-iratkezelesrol\/","name":"Mit kell tudni az iratkezel\u00e9sr\u0151l?","isPartOf":{"@id":"https:\/\/www.dwsdigital.hu\/#website"},"datePublished":"2020-12-14T13:24:05+00:00","dateModified":"2023-01-06T18:23:30+00:00","description":"Digit\u00e1lis iratok alkalmaz\u00e1sa mellett is gyakran van sz\u00fcks\u00e9g a pap\u00edralap\u00fa dokumentumok t\u00e1rol\u00e1s\u00e1ra, kezel\u00e9s\u00e9re. Ismerje meg ennek szab\u00e1lyait szakmai anyagainkb\u00f3l!","breadcrumb":{"@id":"https:\/\/www.dwsdigital.hu\/szakmai-anyagok-az-iratkezelesrol\/#breadcrumb"},"inLanguage":"en-GB","potentialAction":[{"@type":"ReadAction","target":["https:\/\/www.dwsdigital.hu\/szakmai-anyagok-az-iratkezelesrol\/"]}]},{"@type":"BreadcrumbList","@id":"https:\/\/www.dwsdigital.hu\/szakmai-anyagok-az-iratkezelesrol\/#breadcrumb","itemListElement":[{"@type":"ListItem","position":1,"name":"Home","item":"https:\/\/www.dwsdigital.hu\/"},{"@type":"ListItem","position":2,"name":"Iratkezel\u00e9si anyagok"}]},{"@type":"WebSite","@id":"https:\/\/www.dwsdigital.hu\/#website","url":"https:\/\/www.dwsdigital.hu\/","name":"DWS Digital Kft.","description":"Data digitisation solutions","potentialAction":[{"@type":"SearchAction","target":{"@type":"EntryPoint","urlTemplate":"https:\/\/www.dwsdigital.hu\/?s={search_term_string}"},"query-input":{"@type":"PropertyValueSpecification","valueRequired":true,"valueName":"search_term_string"}}],"inLanguage":"en-GB"}]}},"_links":{"self":[{"href":"https:\/\/www.dwsdigital.hu\/en\/wp-json\/wp\/v2\/pages\/766","targetHints":{"allow":["GET"]}}],"collection":[{"href":"https:\/\/www.dwsdigital.hu\/en\/wp-json\/wp\/v2\/pages"}],"about":[{"href":"https:\/\/www.dwsdigital.hu\/en\/wp-json\/wp\/v2\/types\/page"}],"author":[{"embeddable":true,"href":"https:\/\/www.dwsdigital.hu\/en\/wp-json\/wp\/v2\/users\/1"}],"replies":[{"embeddable":true,"href":"https:\/\/www.dwsdigital.hu\/en\/wp-json\/wp\/v2\/comments?post=766"}],"version-history":[{"count":9,"href":"https:\/\/www.dwsdigital.hu\/en\/wp-json\/wp\/v2\/pages\/766\/revisions"}],"predecessor-version":[{"id":2174,"href":"https:\/\/www.dwsdigital.hu\/en\/wp-json\/wp\/v2\/pages\/766\/revisions\/2174"}],"wp:attachment":[{"href":"https:\/\/www.dwsdigital.hu\/en\/wp-json\/wp\/v2\/media?parent=766"}],"curies":[{"name":"wp","href":"https:\/\/api.w.org\/{rel}","templated":true}]}}